{"id":8938,"date":"2023-11-29T17:43:28","date_gmt":"2023-11-29T17:43:28","guid":{"rendered":"https:\/\/swsm.pl\/students-achievements\/"},"modified":"2025-02-24T10:50:53","modified_gmt":"2025-02-24T10:50:53","slug":"students-achievements","status":"publish","type":"page","link":"https:\/\/swsm.pl\/en\/student-zone\/student-zone\/students-achievements\/","title":{"rendered":"Students&#8217; achievements"},"content":{"rendered":"<section class=\"textBlock textBlock--0 \">\n    <div class=\"tbc\">\n        <div class=\"container\">\n            <div class=\"row\">\n                                    <div class=\"col-12\">\n                                                                                                    <div class=\"text text--2 color--navy-500 tbc__desc\"><p><strong>We proudly present the successes of our students, who shine both in the academic field and in pursuing their passions, winning numerous<br \/>\n<\/strong><\/p>\n<\/div>                                                                    <\/div>\n                                                                                                            <\/div>\n        <\/div>\n    <\/div>\n<\/section>\n\n\n<section class=\"textBlock textBlock--2 grayBG padding-less\">\n    <div class=\"tbc\">\n        <div class=\"container\">\n            <div class=\"row\">\n                                                                    <div class=\"col-12 col-lg-6 textBlock__colLeft\">\n                        <div class=\"tbc__colLeft__inner\">\n                            <h5 class=\"title title--5 color--navy-700 tbc__titleCol5\"><img decoding=\"async\" class=\"tbc__h5icon\" src=\"https:\/\/swsm.pl\/wp-content\/uploads\/2023\/11\/ikonatick-kolorz-zielonym-SVG-1.svg\" alt=\"\" \/>1st place in the Dietetic Knowledge Tournament &#8220;Nutriada&#8221; 2024<\/h5><div class=\"text text--2 color--navy-500 tbc__colDesc\"><p><span class=\"HwtZe\" lang=\"en\"><span class=\"jCAhz ChMk0b\"><span class=\"ryNqvb\">Dietetics students \u2013 Kamil Horwat, Amelia Palka and Patryk Paszek took first place in the Dietetic Knowledge Tournament \u201cNutriada\u201d.<\/span><\/span> <span class=\"jCAhz ChMk0b\"><span class=\"ryNqvb\">On April 26-27, the Dietetic Knowledge Tournament \u201cNutriada\u201d took place at the University Hospital in Krakow, organized by the dietetics department of the Faculty of Medicine of the Jagiellonian University Medical College.<\/span><\/span> <\/span><\/p>\n<p>&nbsp;<\/p>\n<p><span class=\"HwtZe\" lang=\"en\"><span class=\"jCAhz ChMk0b\"><span class=\"ryNqvb\">Amelia, Kamil and Patryk took first place, ultimately scoring 120.5 points, beating the second-place team by 7.5 points and beating a total of 15 other teams!<\/span><\/span><\/span><\/p>\n<\/div>                        <\/div>\n                    <\/div>\n                    <div class=\"col-12 col-lg-6 textBlock__colRight\">\n                        <div class=\"tbc__colRight__inner\">\n                                            <div class=\"tbc__imageBox\">\n                    <img decoding=\"async\" src=\"https:\/\/swsm.pl\/wp-content\/uploads\/2024\/06\/Nutrifoto.jpg\" alt=\"\" \/>\n                <\/div>\n                \n                        <\/div>\n                    <\/div>\n                    <div class=\"col-12\">\n                                            <\/div>\n                                                                            <\/div>\n        <\/div>\n    <\/div>\n<\/section>\n\n\n\n<section class=\"textWithIcons textWithIcons--3 padding-less\">\n    <div class=\"tbc\">   \n        <div class=\"container\">\n            <div class=\"row\">\n                                                                                    <div class=\"col-12\">\n                        <h5 class=\"title title--5 color--navy-700 tbc__subTitle\"><img decoding=\"async\" class=\"tbc__h5icon\" src=\"https:\/\/swsm.pl\/wp-content\/uploads\/2023\/11\/ikonatick-kolorz-zielonym-SVG-1.svg\" alt=\"\" \/>Polish and European Champion &#8211; nail styling<\/h5><div class=\"text text--2 color--navy-500 tbc__desc\"><p><span class=\"HwtZe\" lang=\"en\"><span class=\"jCAhz ChMk0b\"><span class=\"ryNqvb\"><strong>Magdalena My\u015bliwiec<\/strong> \u2013 5th semester student of cosmetology, 1st degree \u2013 multiple Polish and European Champion in technical nail styling, this year&#8217;s achievements include:<\/span><\/span><\/span><\/p>\n<\/div>                    <\/div>\n                    <div class=\"col-12 col-xl-6\">\n                        <div class=\"tbc__col tbc__col--left\">\n                            <div class=\"text text--2 color--navy-500 tbc__desc\"><p><strong>5.06.2023 Nailympia Orlando \u2013 USA<\/strong><\/p>\n<ul>\n<li>2nd place PERFECT MATCH<\/li>\n<li>3rd place Stiletto<\/li>\n<\/ul>\n<p><strong>Nails Olympic International Championships\u00a0 14-16.04.2023<\/strong><\/p>\n<ul>\n<li>2nd place Salon Nails, 2nd place pink&amp;white Classic Acrylic, \u2022 2nd place Acrylic Pink&amp;white cover tips, \u2022 2nd place Acrylic pink&amp;white form, \u2022 2nd place Acrylic perfect match, \u2022 2nd place gel pink&amp;white form, \u2022 3rd place gel pink&amp;white tips, \u2022 3rd place gel perfect match, \u2022 3rd place Sztylet<\/li>\n<\/ul>\n<p><strong>1-2.04.2023 Nailympia Germany<\/strong><\/p>\n<ul>\n<li>2nd place Twist French<\/li>\n<\/ul>\n<p><strong>2-3.10.2022 Nailympia London<\/strong><\/p>\n<ul>\n<li>3rd place Perfect Match<\/li>\n<li>1st place Team thropy<\/li>\n<\/ul>\n<p>&nbsp;<\/p>\n<p><span class=\"HwtZe\" lang=\"en\"><span class=\"jCAhz ChMk0b\"><span class=\"ryNqvb\">Portrait photography by<\/span><\/span><\/span> <a role=\"link\" href=\"https:\/\/instagram.com\/jacekkrzyzowski.fotograf?igshid=MmJiY2I4NDBkZg==\">Jacka Krzy\u017cowskiego, Tychy\u00a0<\/a><\/p>\n<\/div>                        <\/div>\n                    <\/div>\n                    <div class=\"col-12 col-xl-6\">\n                        <div class=\"tbc__col tbc__col--right\">\n                                            <div class=\"tbc__imageBox\">\n                    <img decoding=\"async\" src=\"https:\/\/swsm.pl\/wp-content\/uploads\/2023\/12\/portret.jpg\" alt=\"\" \/>\n                <\/div>\n                                    <\/div>\n                    <\/div>\n                    <div class=\"col-12\">\n                                            <\/div>\n                                                                                                                                                                \n            <\/div>\n        <\/div>\n    <\/div>\n\n<\/section>\n\n\n\n    <section class=\"gallery-photo-video   \">\n        <div class=\"container\">\n            <div class=\"row\">\n                                    <div class=\"col-12\">\n                        <p class=\"text--1 text--bold gallery-photo-video__title\">Magdalena My\u015bliwiec<\/p>\n                    <\/div>\n                            <\/div>\n            <div class=\"row gap-box\">\n                                    \n                                                            <div class=\"col-12 col-sm-6 col-md-4 col-xl-3\">\n                                                                            <a class=\"gallery-photo-video__item\" data-fslightbox=\"gallery-photo-video-item\" href=\"https:\/\/swsm.pl\/wp-content\/uploads\/2023\/12\/Praca-konkursowa-2.jpg\">\n                                            <img decoding=\"async\" src=\"https:\/\/swsm.pl\/wp-content\/uploads\/2023\/12\/Praca-konkursowa-2.jpg\" alt=\"\" \/>\n                                        <\/a>\n                                                                                                        <\/div>\n                            \n                            \n                            \n\n\n\n                    \n                                                            <div class=\"col-12 col-sm-6 col-md-4 col-xl-3\">\n                                                                            <a class=\"gallery-photo-video__item\" data-fslightbox=\"gallery-photo-video-item\" href=\"https:\/\/swsm.pl\/wp-content\/uploads\/2023\/12\/puchary.jpg\">\n                                            <img decoding=\"async\" src=\"https:\/\/swsm.pl\/wp-content\/uploads\/2023\/12\/puchary.jpg\" alt=\"\" \/>\n                                        <\/a>\n                                                                                                        <\/div>\n                            \n                            \n                            \n\n\n\n                    \n                                                            <div class=\"col-12 col-sm-6 col-md-4 col-xl-3\">\n                                                                            <a class=\"gallery-photo-video__item\" data-fslightbox=\"gallery-photo-video-item\" href=\"https:\/\/swsm.pl\/wp-content\/uploads\/2023\/12\/medale2.jpg\">\n                                            <img decoding=\"async\" src=\"https:\/\/swsm.pl\/wp-content\/uploads\/2023\/12\/medale2.jpg\" alt=\"\" \/>\n                                        <\/a>\n                                                                                                        <\/div>\n                            \n                            \n                            \n\n\n\n                    \n                                                            <div class=\"col-12 col-sm-6 col-md-4 col-xl-3\">\n                                                                            <a class=\"gallery-photo-video__item\" data-fslightbox=\"gallery-photo-video-item\" href=\"https:\/\/swsm.pl\/wp-content\/uploads\/2023\/12\/medale1.jpg\">\n                                            <img decoding=\"async\" src=\"https:\/\/swsm.pl\/wp-content\/uploads\/2023\/12\/medale1.jpg\" alt=\"\" \/>\n                                        <\/a>\n                                                                                                        <\/div>\n                            \n                            \n                            \n\n\n\n                                                <\/div>\n        <\/div>\n    <\/section>\n\n<section class=\"textBlock textBlock--0 grayBG padding-less\">\n    <div class=\"tbc\">\n        <div class=\"container\">\n            <div class=\"row\">\n                                    <div class=\"col-12\">\n                                                                            <h5 class=\"title title--5 color--navy-700 tbc__title2\">                                <img decoding=\"async\" class=\"tbc__h5icon\" src=\"https:\/\/swsm.pl\/wp-content\/uploads\/2023\/11\/ikonatick-kolorz-zielonym-SVG-1.svg\" alt=\"\" \/>\n                            Polish Kick-Boxing Champion<\/h5>                                                                            <div class=\"text text--2 color--navy-500 tbc__desc\"><p><strong>Dominika Chyli\u0144ska<\/strong> \u2013 student of the 4th semester of dietetics, 1st degree \u2013 Polish Champion in K1 Formula kick-boxing and the best competitor of the tournament!<\/p>\n<p>Dominika Chyli\u0144ska, a student of Dietetics, won the GOLD MEDAL in the Polish K1 formula kick-boxing championship in Kartuzy, simultaneously gaining a pass to the Polish K1 national team for the next season.<\/p>\n<p>Ms. Dominika was the undoubted star of the competition, she not only won gold, but was also chosen the best competitor in the senior group.<\/p>\n<p>These are not all of Ms. Dominika&#8217;s successes!!!<\/p>\n<p>In the previous months, Ms. Dominika took part in international tournaments. In March, she won the World Cup in Innsbruck, and in November she became the bronze medalist of the European Championships held in Antalya, Turkey.<\/p>\n<p>She is currently preparing for the next World Cup, which will take place in Budapest in two weeks. The most important start of this year will be the World Championships in Lisbon in mid-November.<\/p>\n<p>&nbsp;<\/p>\n<p>Polish Championships <a href=\"https:\/\/faktyoswiecim.pl\/fakty\/dziewczyny-na-medal-foto\/\">https:\/\/faktyoswiecim.pl\/fakty\/dziewczyny-na-medal-foto\/<\/a><br \/>\nWorld Cup <a href=\"https:\/\/faktyoswiecim.pl\/fakty\/dominika-z-pucharem-swiata-foto\/\">https:\/\/faktyoswiecim.pl\/fakty\/dominika-z-pucharem-swiata-foto\/<\/a><br \/>\nEuropean Championshipsy <a href=\"https:\/\/faktyoswiecim.pl\/sport\/fakty-mocno-sportowe\/dominika-z-brazem-mistrzostw-europy-polfinalowe-kontrowersje\/\">https:\/\/faktyoswiecim.pl\/sport\/fakty-mocno-sportowe\/dominika-z-brazem-mistrzostw-europy-polfinalowe-kontrowersje\/<\/a><\/p>\n<p>&nbsp;<\/p>\n<p><em>Photo source <a href=\"https:\/\/faktyoswiecim.pl\/\">https:\/\/faktyoswiecim.pl<\/a><\/em><\/p>\n<p>&nbsp;<\/p>\n<p>&nbsp;<\/p>\n<p>Dominika Chyli\u0144ska won the K1 Formula Kickboxing World Cup in the senior category &#8211; 48 kg.<\/p>\n<p>&nbsp;<\/p>\n<p>The prestigious Hungarian Kickboxing World Cup took place from 15 to 19 June 2023 in Budapest.<\/p>\n<p>&nbsp;<\/p>\n<p>&nbsp;<\/p>\n<\/div>                                                                    <\/div>\n                                                                                                            <\/div>\n        <\/div>\n    <\/div>\n<\/section>\n\n\n\n\n    <section class=\"gallery-photo-video   \">\n        <div class=\"container\">\n            <div class=\"row\">\n                                    <div class=\"col-12\">\n                        <p class=\"text--1 text--bold gallery-photo-video__title\">Dominika Chyli\u0144ska<\/p>\n                    <\/div>\n                            <\/div>\n            <div class=\"row gap-box\">\n                                    \n                                                            <div class=\"col-12 col-sm-6 col-md-4 col-xl-3\">\n                                                                            <a class=\"gallery-photo-video__item\" data-fslightbox=\"gallery-photo-video-item\" href=\"https:\/\/swsm.pl\/wp-content\/uploads\/2023\/12\/zdj1-4.jpg\">\n                                            <img decoding=\"async\" src=\"https:\/\/swsm.pl\/wp-content\/uploads\/2023\/12\/zdj1-4.jpg\" alt=\"\" \/>\n                                        <\/a>\n                                                                                                        <\/div>\n                            \n                            \n                            \n\n\n\n                    \n                                                            <div class=\"col-12 col-sm-6 col-md-4 col-xl-3\">\n                                                                            <a class=\"gallery-photo-video__item\" data-fslightbox=\"gallery-photo-video-item\" href=\"https:\/\/swsm.pl\/wp-content\/uploads\/2023\/12\/zdj2-4.jpg\">\n                                            <img decoding=\"async\" src=\"https:\/\/swsm.pl\/wp-content\/uploads\/2023\/12\/zdj2-4.jpg\" alt=\"\" \/>\n                                        <\/a>\n                                                                                                        <\/div>\n                            \n                            \n                            \n\n\n\n                    \n                                                            <div class=\"col-12 col-sm-6 col-md-4 col-xl-3\">\n                                                                            <a class=\"gallery-photo-video__item\" data-fslightbox=\"gallery-photo-video-item\" href=\"https:\/\/swsm.pl\/wp-content\/uploads\/2023\/12\/D_Chylinska3.jpg\">\n                                            <img decoding=\"async\" src=\"https:\/\/swsm.pl\/wp-content\/uploads\/2023\/12\/D_Chylinska3.jpg\" alt=\"\" \/>\n                                        <\/a>\n                                                                                                        <\/div>\n                            \n                            \n                            \n\n\n\n                    \n                                                            <div class=\"col-12 col-sm-6 col-md-4 col-xl-3\">\n                                                                            <a class=\"gallery-photo-video__item\" data-fslightbox=\"gallery-photo-video-item\" href=\"https:\/\/swsm.pl\/wp-content\/uploads\/2023\/12\/D_Chylinska.jpg\">\n                                            <img decoding=\"async\" src=\"https:\/\/swsm.pl\/wp-content\/uploads\/2023\/12\/D_Chylinska.jpg\" alt=\"\" \/>\n                                        <\/a>\n                                                                                                        <\/div>\n                            \n                            \n                            \n\n\n\n                                                <\/div>\n        <\/div>\n    <\/section>\n\n    <section class=\"faq  grayBG   \" data-speed=\"1.1\">\n        <div class=\"container\">\n            <div class=\"row\">\n                <div class=\"col-12\">\n\n\t\t\t                            <div class=\"faq__top\">\n                                                                                        <h5>Other achievements of our students<\/h5>\n                                                                            <\/div>\n                                    <\/div>\n                <div class=\"col-12\">\n                    <div class=\"faq-list\">\n                                                                                    <div class=\"fadeIn faq-list__item\">\n                                                                                <div class=\"faq-list__title text text--2 text--bold\">Karolina Ole\u015b \u2013 udzia\u0142 w  6th International Eurasian Conference on Biological and Chemical Sciences (EurasianBioChem 2023)                                                <div class=\"faq-list__close\"><\/div>\n                                            <\/div>\n                                                                                                                                                                                                                                    <div class=\"faq-list__desc text text--2\"><p>&nbsp;<\/p>\n<p>Absolwentka kosmetologii II stopnia wzi\u0119\u0142a czynny udzia\u0142 w mi\u0119dzynarodowej konferencji <strong>6th International Eurasian Conference on Biological and Chemical Sciences (EurasianBioChem 2023)<\/strong>, kt\u00f3ra odby\u0142a si\u0119 w dniach 11-13.10.2023 w Ankarze w Turcji referuj\u0105c temat\u00a0<strong><em>\u201eAging-related changes in the diversity of scalp microbiome \u2013 preliminary studies\u201d<\/em><\/strong>.<\/p>\n<p>&nbsp;<\/p>\n<p><img loading=\"lazy\" decoding=\"async\" class=\"alignnone size-medium wp-image-16112\" src=\"https:\/\/dev.swsm.pl\/wp-content\/uploads\/2024\/05\/KAROLINA-OLES_Konferencja-w-Turcji-1-300x213.jpg\" alt=\"\" width=\"300\" height=\"213\" \/><\/p>\n<\/div>\n                                                                                                                                                                    <\/div>\n                                                            <div class=\"fadeIn faq-list__item\">\n                                                                                <div class=\"faq-list__title text text--2 text--bold\">I miejsce w Turnieju Wiedzy Dietetycznej \u201eNutriada\u201d 2024                                                <div class=\"faq-list__close\"><\/div>\n                                            <\/div>\n                                                                                                                                                                                                                                    <div class=\"faq-list__desc text text--2\"><div class=\"text text--2 color--navy-500 tbc__colDesc\">\n<p>Studenci Dietetyki \u2013 Kamil Horwat, Amelia Palka i Patryk zaj\u0119li I miejsce w <strong>Turnieju Wiedzy Dietetycznej \u201eNutriada\u201d<\/strong>. 26-27 kwietnia w w Szpitalu Uniwersyteckim w Krakowie odby\u0142 si\u0119 Turniej Wiedzy Dietetycznej \u201eNutriada\u201d organizowany przez kierunek dietetyka Wydzia\u0142u Lekarskiego Uniwersytetu Jagiello\u0144skiego Collegium Medicum.<\/p>\n<p>Amelia, Kamil i Patryk zaj\u0119li I miejsce zdobywaj\u0105c ostatecznie 120,5 punktu, wyprzedzaj\u0105c o 7,5 punktu dru\u017cyn\u0119 z drugiego miejsca i pokonuj\u0105c \u0142\u0105cznie 15 innych dru\u017cyn!<\/p>\n<p>&nbsp;<\/p>\n<p>Warto podkre\u015bli\u0107, \u017ce w poprzednich edycjach nasze dru\u017cyny zajmowa\u0142y tak\u017ce czo\u0142owe miejsca w tym turnieju \u2013 w 2023 roku zdobyli\u015bmy III miejsce, a 2022 roku nasi zdolni studenci zaj\u0119li I miejsce!<\/p>\n<p>&nbsp;<\/p>\n<p><img loading=\"lazy\" decoding=\"async\" class=\"alignnone size-medium wp-image-15797\" src=\"https:\/\/dev.swsm.pl\/wp-content\/uploads\/2024\/05\/Nutrifoto-300x300.jpg\" alt=\"\" width=\"300\" height=\"300\" \/><\/p>\n<\/div>\n<\/div>\n                                                                                                                                                                    <\/div>\n                                                            <div class=\"fadeIn faq-list__item\">\n                                                                                <div class=\"faq-list__title text text--2 text--bold\">Natalia Smieta\u0144ska i Anna Cha\u0142ubek \u2013 udzia\u0142 w 6th International Eurasian Conference on Biological and Chemical Sciences (EurasianBioChem 2023)                                                <div class=\"faq-list__close\"><\/div>\n                                            <\/div>\n                                                                                                                                                                                                                                    <div class=\"faq-list__desc text text--2\"><p>&nbsp;<\/p>\n<p>Studentki kosmetologii II stopnia wzi\u0119\u0142y czynny udzia\u0142 w mi\u0119dzynarodowej konferencji <strong>6th International Eurasian Conference on Biological and Chemical Sciences (EurasianBioChem 2023)<\/strong>, kt\u00f3ra odby\u0142a si\u0119 w dniach 11-13.10.2023 w Ankarze w Turcji referuj\u0105c temat <em>&#8220;<strong>Microbial contamination of skincare product due to its using method&#8221;<\/strong><\/em>.<\/p>\n<\/div>\n                                                                                                                                                                    <\/div>\n                                                            <div class=\"fadeIn faq-list__item\">\n                                                                                <div class=\"faq-list__title text text--2 text--bold\">Karolina Ole\u015b \u2013 udzia\u0142 w 6th International Eurasian Conference on Biological and Chemical Sciences (EurasianBioChem 2023)                                                <div class=\"faq-list__close\"><\/div>\n                                            <\/div>\n                                                                                                                                                                                                                                    <div class=\"faq-list__desc text text--2\"><p>&nbsp;<\/p>\n<p>Absolwentka kosmetologii II stopnia wzi\u0119\u0142a czynny udzia\u0142 w mi\u0119dzynarodowej konferencji <strong>6th International Eurasian Conference on Biological and Chemical Sciences (EurasianBioChem 2023)<\/strong>, kt\u00f3ra odby\u0142a si\u0119 w dniach 11-13.10.2023 w Ankarze w Turcji referuj\u0105 temat <strong><em>\u201eAging-related changes in the diversity of scalp microbiome \u2013 preliminary studies\u201d<\/em><\/strong>.<\/p>\n<p>&nbsp;<\/p>\n<p><img loading=\"lazy\" decoding=\"async\" class=\"alignnone size-medium wp-image-4568\" src=\"https:\/\/dev.swsm.pl\/wp-content\/uploads\/2023\/12\/KAROLINA-OLES_Konferencja-w-Turcji-300x213.jpg\" alt=\"\" width=\"300\" height=\"213\" srcset=\"https:\/\/swsm.pl\/wp-content\/uploads\/2023\/12\/KAROLINA-OLES_Konferencja-w-Turcji-300x213.jpg 300w, https:\/\/swsm.pl\/wp-content\/uploads\/2023\/12\/KAROLINA-OLES_Konferencja-w-Turcji-1024x725.jpg 1024w, https:\/\/swsm.pl\/wp-content\/uploads\/2023\/12\/KAROLINA-OLES_Konferencja-w-Turcji-768x544.jpg 768w, https:\/\/swsm.pl\/wp-content\/uploads\/2023\/12\/KAROLINA-OLES_Konferencja-w-Turcji.jpg 1200w\" sizes=\"auto, (max-width: 300px) 100vw, 300px\" \/><\/p>\n<\/div>\n                                                                                                                                                                    <\/div>\n                                                            <div class=\"fadeIn faq-list__item\">\n                                                                                <div class=\"faq-list__title text text--2 text--bold\">Magdalena My\u015bliwiec \u2013 wielokrotna mistrzyni technicznych stylizacjach paznokci                                                <div class=\"faq-list__close\"><\/div>\n                                            <\/div>\n                                                                                                                                                                                                                                    <div class=\"faq-list__desc text text--2\"><p>&nbsp;<\/p>\n<p>Studentka 5 sem. kosmetologii I stopnia \u2013 wielokrotna <strong>Mistrzyni Polski i Europy<\/strong> w Technicznych stylizacjach paznokci, tegoroczne osi\u0105gni\u0119cia, to:<\/p>\n<p><strong>5.06.2023 Nailympia Orlando \u2013 USA<\/strong><\/p>\n<ul>\n<li>2 miejsce PERFECT MATCH<\/li>\n<li>3 miejsce Stiletto<\/li>\n<\/ul>\n<p>&nbsp;<\/p>\n<p><strong>Mistrzostwa Nails Olympic International 14-16.04.2023<\/strong><\/p>\n<ul>\n<li>2 miejsce Salon Nails<\/li>\n<li>2 miejsce pink&amp;white Classic Akryl<\/li>\n<li>2 miejsce Akryl Pink&amp;white cover tips<\/li>\n<li>2 miejsce Akryl pink&amp;white forma<\/li>\n<li>2 miejsce Akryl perfect match<\/li>\n<li>2 miejsce \u017cel pink&amp;white forma<\/li>\n<li>3 miejsce \u017cel pink&amp;white tips<\/li>\n<li>3 miejsce \u017cel perfect match<\/li>\n<li>3 miejsce Sztylet<\/li>\n<\/ul>\n<p><strong>1-2.04.2023 Nailympia Germany<\/strong><\/p>\n<ul>\n<li>2 miejsce Twist French<\/li>\n<\/ul>\n<p><strong>2-3.10.2022 Nailympia London<\/strong><\/p>\n<ul>\n<li>3 miejsce Perfect Match<\/li>\n<li>1 miejsce Team thropy<\/li>\n<\/ul>\n<p>&nbsp;<\/p>\n<p>Zapraszamy r\u00f3wnie\u017c do odwiedzenia <a role=\"link\" href=\"https:\/\/instagram.com\/magdalena_mysliwiec_tychy?igshid=OGQ5ZDc2ODk2ZA==\">konta instagramowego Pani Magdaleny\u00a0<\/a><\/p>\n<p>Fotografia portretowa autorstwa <a role=\"link\" href=\"https:\/\/instagram.com\/jacekkrzyzowski.fotograf?igshid=MmJiY2I4NDBkZg==\">Jacka Krzyzowskiego, Tychy\u00a0<\/a><\/p>\n<p>&nbsp;<\/p>\n<p><img loading=\"lazy\" decoding=\"async\" class=\"alignnone size-medium wp-image-7623\" src=\"https:\/\/dev.swsm.pl\/wp-content\/uploads\/2023\/12\/portret-300x300.jpg\" alt=\"\" width=\"300\" height=\"300\" srcset=\"https:\/\/swsm.pl\/wp-content\/uploads\/2023\/12\/portret-300x300.jpg 300w, https:\/\/swsm.pl\/wp-content\/uploads\/2023\/12\/portret-150x150.jpg 150w, https:\/\/swsm.pl\/wp-content\/uploads\/2023\/12\/portret-768x768.jpg 768w, https:\/\/swsm.pl\/wp-content\/uploads\/2023\/12\/portret.jpg 905w\" sizes=\"auto, (max-width: 300px) 100vw, 300px\" \/>\u00a0 <img loading=\"lazy\" decoding=\"async\" class=\"alignnone size-medium wp-image-7615\" src=\"https:\/\/dev.swsm.pl\/wp-content\/uploads\/2023\/12\/medale1-199x300.jpg\" alt=\"\" width=\"199\" height=\"300\" srcset=\"https:\/\/swsm.pl\/wp-content\/uploads\/2023\/12\/medale1-199x300.jpg 199w, https:\/\/swsm.pl\/wp-content\/uploads\/2023\/12\/medale1.jpg 600w\" sizes=\"auto, (max-width: 199px) 100vw, 199px\" \/>\u00a0 <img loading=\"lazy\" decoding=\"async\" class=\"alignnone size-medium wp-image-7619\" src=\"https:\/\/dev.swsm.pl\/wp-content\/uploads\/2023\/12\/medale2-199x300.jpg\" alt=\"\" width=\"199\" height=\"300\" srcset=\"https:\/\/swsm.pl\/wp-content\/uploads\/2023\/12\/medale2-199x300.jpg 199w, https:\/\/swsm.pl\/wp-content\/uploads\/2023\/12\/medale2.jpg 600w\" sizes=\"auto, (max-width: 199px) 100vw, 199px\" \/>\u00a0 <img loading=\"lazy\" decoding=\"async\" class=\"alignnone size-medium wp-image-7611\" src=\"https:\/\/dev.swsm.pl\/wp-content\/uploads\/2023\/12\/medal-199x300.jpg\" alt=\"\" width=\"199\" height=\"300\" srcset=\"https:\/\/swsm.pl\/wp-content\/uploads\/2023\/12\/medal-199x300.jpg 199w, https:\/\/swsm.pl\/wp-content\/uploads\/2023\/12\/medal.jpg 600w\" sizes=\"auto, (max-width: 199px) 100vw, 199px\" \/><\/p>\n<\/div>\n                                                                                                                                                                    <\/div>\n                                                            <div class=\"fadeIn faq-list__item\">\n                                                                                <div class=\"faq-list__title text text--2 text--bold\">Dominika Chyli\u0144ska \u2013 Mistrzyni Polski w kick-boxingu Formu\u0142y K1                                                <div class=\"faq-list__close\"><\/div>\n                                            <\/div>\n                                                                                                                                                                                                                                    <div class=\"faq-list__desc text text--2\"><p>&nbsp;<\/p>\n<p>Studentka IV semestru dietetyki I stopnia \u2013 <strong>Mistrzyni\u0105 Polski w kick-boxingu Formu\u0142y K1 i najlepsz\u0105 zawodniczk\u0105 turnieju!<\/strong><\/p>\n<p>&nbsp;<\/p>\n<p>Dominika Chyli\u0144ska studentka kierunku Dietetyka wywalczy\u0142a Z\u0141OTY MEDAL w mistrzostwach Polski w kick-boxingu formu\u0142y K1 w Kartuzach, zdobywaj\u0105c jednocze\u015bnie przepustk\u0119 do reprezentacji Polski K1 na kolejny sezon.<br \/>\nPani Dominika by\u0142a niew\u0105tpliw\u0105 gwiazd\u0105 zawod\u00f3w, zdoby\u0142a nie tylko z\u0142oto, ale tak\u017ce zosta\u0142a wybrana najlepsz\u0105 zawodniczk\u0105 w grupie seniorek.<\/p>\n<p>&nbsp;<\/p>\n<p>To nie wszystkie sukcesy Pani Dominiki!!!<\/p>\n<p>W poprzednich miesi\u0105cach Pani Dominika wzi\u0119\u0142a udzia\u0142 w turniejach rangi mi\u0119dzynarodowej. W marcu zdoby\u0142a Puchar \u015awiata w Insbruku, natomiast w listopadzie zosta\u0142a br\u0105zow\u0105 medalistk\u0105 Mistrzostw Europy odbywaj\u0105cych si\u0119 w tureckiej Antalya.<\/p>\n<p>&nbsp;<\/p>\n<p>Aktualnie przygotowuje si\u0119 do kolejnego Pucharu \u015awiata, kt\u00f3ry odb\u0119dzie si\u0119 ju\u017c za dwa tygodnie w Budapeszcie. Natomiast najwa\u017cniejszym startem tego roku b\u0119d\u0105 Mistrzostwa \u015awiata w Lizbonie, w po\u0142owie listopada.<\/p>\n<p>&nbsp;<\/p>\n<p>Mistrzostwa Polski\u00a0<a href=\"https:\/\/faktyoswiecim.pl\/fakty\/dziewczyny-na-medal-foto\/\">https:\/\/faktyoswiecim.pl\/fakty\/dziewczyny-na-medal-foto\/<\/a><br \/>\nPucharu \u015awiata\u00a0<a href=\"https:\/\/faktyoswiecim.pl\/fakty\/dominika-z-pucharem-swiata-foto\/\">https:\/\/faktyoswiecim.pl\/fakty\/dominika-z-pucharem-swiata-foto\/<\/a><br \/>\nMistrzostwa Europy\u00a0<a href=\"https:\/\/faktyoswiecim.pl\/sport\/fakty-mocno-sportowe\/dominika-z-brazem-mistrzostw-europy-polfinalowe-kontrowersje\/\">https:\/\/faktyoswiecim.pl\/sport\/fakty-mocno-sportowe\/dominika-z-brazem-mistrzostw-europy-polfinalowe-kontrowersje\/<\/a><\/p>\n<p>&nbsp;<\/p>\n<p><em>\u0179r\u00f3d\u0142o zdje\u0107:\u00a0<a href=\"https:\/\/faktyoswiecim.pl\/\">https:\/\/faktyoswiecim.pl<\/a><\/em><\/p>\n<p>&nbsp;<\/p>\n<p><strong>doda\u0107 fotki po akceptacji<\/strong><\/p>\n<\/div>\n                                                                                                                                                                    <\/div>\n                                                            <div class=\"fadeIn faq-list__item\">\n                                                                                <div class=\"faq-list__title text text--2 text--bold\">Natalia Shafer \u2013 artyku\u0142y w \u00a0Acta Poloniae Pharmaceutica i \u00a0Farmacja Polska                                                <div class=\"faq-list__close\"><\/div>\n                                            <\/div>\n                                                                                                                                                                                                                                    <div class=\"faq-list__desc text text--2\"><p>Absolwentka kierunku kosmetologia, studia II stopnia &#8211; wsp\u00f3\u0142autork\u0105 artyku\u0142\u00f3w pt.:<\/p>\n<p><em>1. Assessment of the moisturizing potential of a two-phase topical care product containing vegetable oils, glycerin, panthenol and sodium hyaluronate &#8211; a preliminary studies&#8221;<\/em>, kt\u00f3ry zosta\u0142 opublikowany w\u00a0<strong>Acta Poloniae Pharmaceutica \u2013 Drug Research 2022 Vol. 79 No. 2<\/strong>\u00a0(<a href=\"https:\/\/www.ptfarm.pl\/wydawnictwa\/czasopisma\/acta-poloniae-pharmaceutica\/110\/-\/29572\">link do \u017ar\u00f3d\u0142a<\/a>) oraz w\u00a0Pharmaceutical Technology 2022, Vol 79 No. 2\u00a0<a href=\"https:\/\/www.ptfarm.pl\/wydawnictwa\/czasopisma\/acta-poloniae-pharmaceutica\/110\/-\/29572\">(link do \u017ar\u00f3d\u0142a<\/a>)<\/p>\n<p>&nbsp;<\/p>\n<p><em>2. &#8220;Znaczenie i rola witaminy D w praktyce farmaceutycznej&#8221;<\/em>\u00a0opublikowanego w\u00a0<strong>Farmacja Polska, 2022, t. 78, Nr 2<\/strong>\u00a0(<a href=\"https:\/\/www.ptfarm.pl\/wydawnictwa\/czasopisma\/farmacja-polska\/103\/-\/29461\">link do \u017ar\u00f3d\u0142a<\/a>)<\/p>\n<\/div>\n                                                                                                                                                                    <\/div>\n                                                            <div class=\"fadeIn faq-list__item\">\n                                                                                <div class=\"faq-list__title text text--2 text--bold\">Studentki dietetyki I stopnia na podium w Turnieju NUTRIADA 2023                                                <div class=\"faq-list__close\"><\/div>\n                                            <\/div>\n                                                                                                                                                                                                                                    <div class=\"faq-list__desc text text--2\"><p>W dniach 5-6 maja 2023 r. dru\u017cyna <strong>Studenckiego Ko\u0142a Naukowego \u201e\u017bywieni wiedz\u0105\u201d<\/strong>\u00a0 w sk\u0142adzie Patrycja Smoli\u0144ska, Amelia Palka i Karolina Sijewska zaj\u0119\u0142a III miejsce w <strong>Turnieju Wiedzy Dietetycznej NUTRIADA 2023<\/strong> organizowanym przez kierunek dietetyka Wydzia\u0142u Lekarskiego Uniwersytetu Jagiello\u0144skiego Collegium Medicum w Krakowie.<\/p>\n<p>&nbsp;<\/p>\n<p><em>Zdj\u0119cia:\u00a0<a href=\"https:\/\/www.cm-uj.krakow.pl\/index.php\/collegium\/aktualnosc\/3161\">https:\/\/www.cm-uj.krakow.pl\/index.php\/collegium\/aktualnosc\/3161<\/a><\/em><\/p>\n<\/div>\n                                                                                                                                                                    <\/div>\n                                                            <div class=\"fadeIn faq-list__item\">\n                                                                                <div class=\"faq-list__title text text--2 text--bold\">Referaty na International Medical Congress of Silesia SIMC                                                <div class=\"faq-list__close\"><\/div>\n                                            <\/div>\n                                                                                                                                                                                                                                    <div class=\"faq-list__desc text text--2\"><p>Klaudia Cesarz, Dominika Klimek, Sara Walczak, Natalia Zi\u0119ba \u2013 studentki dietetyki &#8211; w dniu 27 maja 2022 r. reprezentowa\u0142y SWSM na <strong>International Medical Congress of Silesia SIMC<\/strong>, wyg\u0142aszaj\u0105c referat pt.: <strong><em>&#8220;Evaluation of sugar intake in kindergartens of the Silesian Province in relation to the binding norms&#8221;<\/em><\/strong>.<\/p>\n<p>&nbsp;<\/p>\n<p><img loading=\"lazy\" decoding=\"async\" class=\"alignnone size-medium wp-image-8387\" src=\"https:\/\/dev.swsm.pl\/wp-content\/uploads\/2023\/12\/SIMC-2022-Natalia-Zieba_2-300x212.jpg\" alt=\"\" width=\"300\" height=\"212\" srcset=\"https:\/\/swsm.pl\/wp-content\/uploads\/2023\/12\/SIMC-2022-Natalia-Zieba_2-300x212.jpg 300w, https:\/\/swsm.pl\/wp-content\/uploads\/2023\/12\/SIMC-2022-Natalia-Zieba_2-768x542.jpg 768w, https:\/\/swsm.pl\/wp-content\/uploads\/2023\/12\/SIMC-2022-Natalia-Zieba_2.jpg 800w\" sizes=\"auto, (max-width: 300px) 100vw, 300px\" \/><\/p>\n<\/div>\n                                                                                                                                                                    <\/div>\n                                                            <div class=\"fadeIn faq-list__item\">\n                                                                                <div class=\"faq-list__title text text--2 text--bold\">Anna Piekarczyk i Katarzyna Olejniczak \u2013 wsp\u00f3\u0142autorki ksi\u0105\u017cki \u201eS.O.S. dla odporno\u015bci\u201d                                                <div class=\"faq-list__close\"><\/div>\n                                            <\/div>\n                                                                                                                                                                                                                                    <div class=\"faq-list__desc text text--2\"><p>Anna Piekarczyk i Katarzyna Olejniczak \u2013 absolwentki dietetyki I stopnia przy wsp\u00f3\u0142pracy z Panem dr \u0141ukaszem Chajcem \u2013 nauczycielem SWSM wyda\u0142y kolejn\u0105 ksi\u0105\u017ck\u0119 pt. <strong><em>&#8220;S.O.S. dla odporno\u015bci&#8221;<\/em><\/strong>. Premiera &#8211; GRUDZIE\u0143 2021.<\/p>\n<p>&nbsp;<\/p>\n<p><strong>Od wydawcy:<\/strong><\/p>\n<p>Wstajesz rano i czujesz drapanie w gardle. Bol\u0105 ci\u0119 mi\u0119\u015bnie. Zastanawiasz si\u0119, czy to jaka\u015b infekcja, czy po prostu \u017ale spa\u0142e\u015b. Za bardzo si\u0119 spieszysz, by d\u0142u\u017cej o tym my\u015ble\u0107. Tymczasem pod Twoj\u0105 sk\u00f3r\u0105 toczy si\u0119 wojna \u2013 bitwa za bitw\u0105. Miliony walcz\u0105 i umieraj\u0105, aby\u015b m\u00f3g\u0142 tego dnia wyj\u015b\u0107 do pracy.<\/p>\n<p>&nbsp;<\/p>\n<p>Je\u015bli chcesz zrozumie\u0107, jak to si\u0119 dzieje, to w pierwszych rozdzia\u0142ach tej ksi\u0105\u017cki przeczytasz o tym:<\/p>\n<ul>\n<li>jak dzia\u0142a Tw\u00f3j uk\u0142ad odporno\u015bciowy,<\/li>\n<li>jak wytwarzane s\u0105 przeciwcia\u0142a,<\/li>\n<li>jakie s\u0105 ich rodzaje i do czego s\u0142u\u017c\u0105,<\/li>\n<li>jak wygl\u0105da pole walki z zagro\u017ceniami.<\/li>\n<\/ul>\n<p>&nbsp;<\/p>\n<p>Je\u015bli interesuje Ci\u0119 to, w jaki spos\u00f3b mo\u017cesz wspom\u00f3c swoje przeciwcia\u0142a w tej nieustaj\u0105cej walce, to w kolejnych rozdzia\u0142ach przeczytasz o tym:<\/p>\n<ul>\n<li>jak zmienia si\u0119 odporno\u015b\u0107 wraz z wiekiem<\/li>\n<li>jaki ma ona zwi\u0105zek z kondycj\u0105 fizyczn\u0105,<\/li>\n<li>co je\u015b\u0107, a czego unika\u0107,<\/li>\n<li>o co jeszcze, poza diet\u0105, nale\u017cy zadba\u0107,<\/li>\n<li>czy \u0142yka\u0107 suplementy,<\/li>\n<li>czy stosowa\u0107 leki na odrobaczanie\u2026<\/li>\n<\/ul>\n<p>&nbsp;<\/p>\n<p>I wiele, wiele wi\u0119cej!<br \/>\nAby nie zostawi\u0107 ci\u0119 tylko z teori\u0105, autorzy zaproponowali ponad 100 przepis\u00f3w na rozmaite dania, dzi\u0119ki kt\u00f3rym wyposa\u017cysz sw\u00f3j uk\u0142ad odporno\u015bciowy w sk\u0142adniki niezb\u0119dne dla jego funkcjonowania. W\u015br\u00f3d przepis\u00f3w znajduj\u0105 si\u0119 r\u00f3wnie\u017c receptury na ro\u015blinne specyfiki \u2013 napary, syropy, soki &#8211; wzmacniaj\u0105ce odporno\u015b\u0107 lub pomocne w walce z infekcj\u0105.<\/p>\n<p>&nbsp;<\/p>\n<p>Przepi\u0119kne zdj\u0119cia, atrakcyjne grafiki, ciekawe ilustracje i zestawienia sprawiaj\u0105, \u017ce lektura ksi\u0105\u017cki jest nie tylko po\u017cyteczna, ale i niezwykle przyjemna.<\/p>\n<p>&nbsp;<\/p>\n<p><img loading=\"lazy\" decoding=\"async\" class=\"alignnone size-medium wp-image-8369\" src=\"https:\/\/dev.swsm.pl\/wp-content\/uploads\/2023\/12\/SOS-dla-odpornosci-222x300.jpg\" alt=\"\" width=\"222\" height=\"300\" srcset=\"https:\/\/swsm.pl\/wp-content\/uploads\/2023\/12\/SOS-dla-odpornosci-222x300.jpg 222w, https:\/\/swsm.pl\/wp-content\/uploads\/2023\/12\/SOS-dla-odpornosci.jpg 441w\" sizes=\"auto, (max-width: 222px) 100vw, 222px\" \/><\/p>\n<\/div>\n                                                                                                                                                                    <\/div>\n                                                            <div class=\"fadeIn faq-list__item\">\n                                                                                <div class=\"faq-list__title text text--2 text--bold\">Studenci SWSM \u2013 udzia\u0142 w 7th International Eurasian Conference on Biological and Chemical Sciences (EurasianBioChem 2024)                                                <div class=\"faq-list__close\"><\/div>\n                                            <\/div>\n                                                                                                                                                                                                                                    <div class=\"faq-list__desc text text--2\"><p>Paulina Pluta \u2013 absolwentka kosmetologii II stopnia wzi\u0119\u0142a czynny udzia\u0142 w mi\u0119dzynarodowej konferencji <strong>7th International Eurasian Conference on Biological and Chemical Sciences (EurasianBioChem 2024)<\/strong>, kt\u00f3ra odby\u0142a si\u0119 w dniach 02-04.10.2024 w Ankarze w Turcji referuj\u0105c temat <em>\u201eMicrobiological Diagnistics Of The Facial Skin Among Beauty Salons\u2019 Clients Depending pn the age\u201d<\/em>.<\/p>\n<p>&nbsp;<\/p>\n<p>certyfikat do wklejenia<\/p>\n<p>&nbsp;<\/p>\n<p>Jakub Graca \u2013 tegoroczny absolwent kosmetologii II stopnia wzi\u0105\u0142 czynny udzia\u0142 w mi\u0119dzynarodowej konferencji <strong>7th International Eurasian Conference on Biological and Chemical Sciences (EurasianBioChem 2024)<\/strong>, kt\u00f3ra odby\u0142a si\u0119 w dniach 02-04.10.2024 w Ankarze w Turcji referuj\u0105c temat <em>\u201eMicrobial Vontamination Of Cosmetics Testers\u201d<\/em>.<\/p>\n<p>&nbsp;<\/p>\n<p>certyfikat do wklejenia<\/p>\n<p>&nbsp;<\/p>\n<p>Estera Wajdzik \u2013 studentka kosmetologii I stopnia wzi\u0119\u0142a czynny udzia\u0142 w mi\u0119dzynarodowej konferencji <strong>7th International Eurasian Conference on Biological and Chemical Sciences (EurasianBioChem 2024)<\/strong>, kt\u00f3ra odby\u0142a si\u0119 w dniach 02-04.10.2024 w Ankarze w Turcji referuj\u0105c temat <em>\u201eEvaluation of the effectiveness of cryolipolysis treatment in reducing excessive body fat\u201d.<\/em><\/p>\n<p>&nbsp;<\/p>\n<p>certyfikat do wklejenia<\/p>\n<p>Zuzanna Dr\u00f3\u017cd\u017c \u2013 absolwentka dietetyki II stopnia wzi\u0119\u0142a czynny udzia\u0142 w mi\u0119dzynarodowej konferencji <strong>7th International Eurasian Conference on Biological and Chemical Sciences (EurasianBioChem 2024)<\/strong>, kt\u00f3ra odby\u0142a si\u0119 w dniach 02-04.10.2024 w Ankarze w Turcji referuj\u0105c temat <em>\u201eThechanges in root vegetables microbiota after ozonation process\u201d<\/em>.<br \/>\ncertyfikat do wklejenia<\/p>\n<\/div>\n                                                                                                                                                                    <\/div>\n                                                            <div class=\"fadeIn faq-list__item\">\n                                                                                <div class=\"faq-list__title text text--2 text--bold\">Dominik Gorzawski \u2013 artyku\u0142 w Applied Psychology Research                                                <div class=\"faq-list__close\"><\/div>\n                                            <\/div>\n                                                                                                                                                                                                                                    <div class=\"faq-list__desc text text--2\"><p>Dominik Gorzawski \u2013 absolwent kierunku Dietetyka, studia II stopnia jest wsp\u00f3\u0142autorem artyku\u0142u <em><strong>\u201ePsychological correlates of obesity\u201d<\/strong><\/em>\u00a0 <strong>Applied Psychology Research 2024<\/strong>, 3(1), 1233<\/p>\n<p>&nbsp;<\/p>\n<p><a role=\"link\" href=\"https:\/\/ojs.acad-pub.com\/index.php\/APR\/article\/view\/1233\">Psychological correlates of obesity | Applied Psychology Research (acad-pub.com)<\/a><\/p>\n<\/div>\n                                                                                                                                                                    <\/div>\n                                                            <div class=\"fadeIn faq-list__item\">\n                                                                                <div class=\"faq-list__title text text--2 text--bold\">Sandra Matuszewska \u2013 artyku\u0142 w Aesthetic Cosmetology and Medicine                                                <div class=\"faq-list__close\"><\/div>\n                                            <\/div>\n                                                                                                                                                                                                                                    <div class=\"faq-list__desc text text--2\"><p>Studentka kierunku kosmetologia, studia II stopnia \u2013 wsp\u00f3\u0142autork\u0105 artyku\u0142\u00f3w:<\/p>\n<p><strong>\u201e<em>Wykorzystanie borowiny w redukcji cellulitu. Opis przypadku\u201d<\/em><\/strong> opublikowanego w czasopi\u015bmie <strong>Aesthetic Cosmetology and Medicine 2\/2024\/vol.13, s. 59-63.<\/strong><\/p>\n<p>&nbsp;<\/p>\n<p>2. <strong>\u201e<em>Zastosowanie substancji z\u0142uszczaj\u0105cych i mezoterapii mikroig\u0142owej w redukcji objaw\u00f3w tr\u0105dziku pospolitego. Opis przypadku\u201d<\/em> <\/strong>w czasopi\u015bmie <strong>Aesthetic Cosmetology and Medicine 1\/2024, vol. 13.<\/strong><\/p>\n<\/div>\n                                                                                                                                                                    <\/div>\n                                                            <div class=\"fadeIn faq-list__item\">\n                                                                                <div class=\"faq-list__title text text--2 text--bold\">Jakub Graca \u2013 Ambasadora kierunku Kosmetologia i artyku\u0142 w \u00a0Polish Journal of Cosmetology                                                <div class=\"faq-list__close\"><\/div>\n                                            <\/div>\n                                                                                                                                                                                                                                    <div class=\"faq-list__desc text text--2\"><p>Student kosmetologii\u00a0 II st. otrzyma\u0142 tytu\u0142 <strong>Ambasadora kierunku Kosmetologia \u015al\u0105skiej Wy\u017cszej Szko\u0142y Medycznej w Katowicach<\/strong> w roku akademickim 2022\/2023.<\/p>\n<p>Wsp\u00f3\u0142autor artyku\u0142u <em><strong><em>Charakterystyka krem\u00f3w do piel\u0119gnacji cery dojrza\u0142ej<\/em><\/strong><\/em>\u00a0opublikowanego w czasopi\u015bmie<strong>\u00a0Polish Journal of Cosmetology 2023; 26(1): 40-45.<\/strong><\/p>\n<p>&nbsp;<\/p>\n<p><img loading=\"lazy\" decoding=\"async\" class=\"alignnone size-medium wp-image-7998\" src=\"https:\/\/dev.swsm.pl\/wp-content\/uploads\/2023\/12\/Jakub_Graca-198x300.jpg\" alt=\"\" width=\"198\" height=\"300\" srcset=\"https:\/\/swsm.pl\/wp-content\/uploads\/2023\/12\/Jakub_Graca-198x300.jpg 198w, https:\/\/swsm.pl\/wp-content\/uploads\/2023\/12\/Jakub_Graca.jpg 559w\" sizes=\"auto, (max-width: 198px) 100vw, 198px\" \/><\/p>\n<\/div>\n                                                                                                                                                                    <\/div>\n                                                            <div class=\"fadeIn faq-list__item\">\n                                                                                <div class=\"faq-list__title text text--2 text--bold\">Karolina Ole\u015b \u2013 nagroda g\u0142\u00f3wna w konkursie na najlepsz\u0105 prac\u0119 magistersk\u0105                                                <div class=\"faq-list__close\"><\/div>\n                                            <\/div>\n                                                                                                                                                                                                                                    <div class=\"faq-list__desc text text--2\"><p>Absolwentka Kosmetologii II st. \u2013 otrzyma\u0142a nagrod\u0119 g\u0142\u00f3wn\u0105 w konkursie na najlepsz\u0105 prac\u0119 magistersk\u0105 za prac\u0119 o tytule: <strong><em><strong>\u201eDiagnostyka mikrobiologiczna sk\u00f3ry g\u0142owy i w\u0142os\u00f3w u os\u00f3b w wieku 20-40 lat\u201d<\/strong><\/em><\/strong>.<\/p>\n<\/div>\n                                                                                                                                                                    <\/div>\n                                                            <div class=\"fadeIn faq-list__item\">\n                                                                                <div class=\"faq-list__title text text--2 text--bold\">Aleksandra S\u0142upianek \u2013 nagroda g\u0142\u00f3wna w Konkursie na najlepszy Projekt zawodowy                                                <div class=\"faq-list__close\"><\/div>\n                                            <\/div>\n                                                                                                                                                                                                                                    <div class=\"faq-list__desc text text--2\"><p>Absolwentka Kosmetologii I st. \u2013 otrzyma\u0142a nagrod\u0119 g\u0142\u00f3wn\u0105 w Konkursie na najlepszy <strong>Projekt zawodowy<\/strong>\u00a0 za prac\u0119 o tytule: <strong><em><strong>\u201eOcena wp\u0142ywu kwasu azelainowego na redukcj\u0119 tr\u0105dziku pospolitego i przebarwie\u0144 pozapalnych\u201d<\/strong><\/em><\/strong>.<\/p>\n<\/div>\n                                                                                                                                                                    <\/div>\n                                                            <div class=\"fadeIn faq-list__item\">\n                                                                                <div class=\"faq-list__title text text--2 text--bold\">XII Og\u00f3lnopolska Konferencja Student\u00f3w \u015al\u0105skiej Wy\u017cszej Szko\u0142y Medycznej w Katowicach                                                <div class=\"faq-list__close\"><\/div>\n                                            <\/div>\n                                                                                                                                                                                                                                    <div class=\"faq-list__desc text text--2\"><div class=\"text text--2 color--navy-500 tbc__desc\">\n<p>&nbsp;<\/p>\n<p><strong>Podczas konferencji nagrodzeni i wyr\u00f3\u017cnieni zostali:<\/strong><\/p>\n<ol>\n<li><strong>Karolina Ole\u015b<\/strong>\u00a0 \u2013 studentka kosmetologii\u00a0 II st. \u2013 zaj\u0119\u0142a I miejsce w Panelu Kosmetologicznym za referat:\u00a0<em>\u201cDiagnostyka mikrobiologiczna sk\u00f3ry g\u0142owy i w\u0142os\u00f3w u os\u00f3b w wieku 20-40 lat\u201d<\/em>.<\/li>\n<li><strong>Oliwia Kaczmarczyk<\/strong>\u00a0i\u00a0<strong>Jonatan Filarowicz<\/strong>\u00a0\u2013 studenci Kosmetologii I st. \u2013 zaj\u0119li I miejsce w III Uczelnianym Turnieju Wiedzy Kosmetologicznej.<\/li>\n<li><strong>Marta Dziura<\/strong>\u00a0i\u00a0<strong>\u0141ucja Smalcerz<\/strong>\u00a0\u2013 studentki Kosmetologii I st. \u2013 zaj\u0119\u0142y II miejsce w III Uczelnianym Turnieju Wiedzy Kosmetologicznej.<\/li>\n<li><strong>Wiktoria Zogrodnik<\/strong>\u00a0i\u00a0<strong>Sara Czech<\/strong>\u00a0\u2013 studentki Kosmetologii I st. \u2013 zaj\u0119\u0142y III miejsce w III Uczelnianym Turnieju Wiedzy Kosmetologicznej.<\/li>\n<li><strong>Alicja Pa\u0144czak<\/strong>\u00a0\u2013 studentka Kosmetologii I st. \u2013\u00a0 zaj\u0119\u0142a I miejsce w Turnieju Stylizacji \u2013\u00a0<em>\u201eSzalone lata 80- wybieramy Kr\u00f3low\u0105 Disco\u201d<\/em>.<\/li>\n<li><strong>Maria Jamrozik<\/strong>\u00a0\u2013 studentka Kosmetologii I st. \u2013 zosta\u0142a wyr\u00f3\u017cniona w Turnieju Stylizacji \u2013\u00a0<em>\u201eSzalone lata 80- wybieramy Kr\u00f3low\u0105 Disco\u201d<\/em>.<\/li>\n<li><strong>Karolina Ole\u015b<\/strong>\u00a0i\u00a0<strong>Jakub Graca<\/strong>\u00a0\u2013 studenci Kosmetologii II st. \u2013 zostali Laureatami SESJI POSTEROWEJ. Otrzymali nagrod\u0119 za poster o tytule<strong>\u00a0\u201eZiemia \u2013 planeta bakterii\u201d<\/strong>.<\/li>\n<\/ol>\n<p>&nbsp;<\/p>\n<\/div>\n<\/div>\n                                                                                                                                                                    <\/div>\n                                                            <div class=\"fadeIn faq-list__item\">\n                                                                                <div class=\"faq-list__title text text--2 text--bold\">Paulina Borowik \u2013 artyku\u0142 w Polish Journal of Cosmetology                                                <div class=\"faq-list__close\"><\/div>\n                                            <\/div>\n                                                                                                                                                                                                                                    <div class=\"faq-list__desc text text--2\"><p>&nbsp;<\/p>\n<p>Paulina Borowik \u2013 absolwentka kierunku Kosmetologia, studia I stopnia \u2013 wsp\u00f3\u0142autork\u0105 artyku\u0142u <em><strong>Mechanizmy starzenia endogennego sk\u00f3ry<\/strong><\/em>\u00a0opublikowanego w czasopi\u015bmie\u00a0<em><strong>Polish Journal of Cosmetology 2023; 26(1): 33-39.<\/strong><\/em><\/p>\n<\/div>\n                                                                                                                                                                    <\/div>\n                                                            <div class=\"fadeIn faq-list__item\">\n                                                                                <div class=\"faq-list__title text text--2 text--bold\">Natalia Kaganiec \u2013 artyku\u0142 w Aesthetic Cosmetology and Medicine                                                <div class=\"faq-list__close\"><\/div>\n                                            <\/div>\n                                                                                                                                                                                                                                    <div class=\"faq-list__desc text text--2\"><p>Absolwentka kierunku Kosmetologia, studia II stopnia \u2013 wsp\u00f3\u0142autork\u0105 artyku\u0142u <strong><em><a role=\"link\" href=\"https:\/\/swsm.pl\/wp-content\/uploads\/2023\/12\/KAGANIEC-NATALIA_ARTYKUL_ACM-2023-04-v8.pdf\">&#8220;Wiedza klient\u00f3w gabinet\u00f3w kosmetologicznych na temat substancji aktywnych wykorzystywanych w piel\u0119gnacji sk\u00f3ry starzej\u0105cej si\u0119<\/a>&#8221; <\/em><\/strong>opublikowanego w czasopi\u015bmie\u00a0<em><strong>Aesthetic Cosmetology and Medicine 4 \/ 2023 \/ vol. 12.<\/strong><\/em><\/p>\n<\/div>\n                                                                                                                                                                    <\/div>\n                                                            <div class=\"fadeIn faq-list__item\">\n                                                                                <div class=\"faq-list__title text text--2 text--bold\">Roksana Szymczuk \u2013 artyku\u0142 w Kosmetologii Holistycznej                                                <div class=\"faq-list__close\"><\/div>\n                                            <\/div>\n                                                                                                                                                                                                                                    <div class=\"faq-list__desc text text--2\"><div class=\"text text--2 color--navy-500 tbc__desc\">\n<p>&nbsp;<\/p>\n<p>Roksana Szymczuk \u2013 absolwentka kierunku Kosmetologia, studia I stopnia \u2013 wsp\u00f3\u0142autork\u0105 artyku\u0142u<em><strong> &#8220;Elementy dietoterapii w \u0142uszczycy&#8221;<\/strong><\/em> opublikowanego w czasopi\u015bmie\u00a0<em><strong>Kosmetologia Holistyczna 2023;1:59-62<\/strong><\/em>.<\/p>\n<\/div>\n<\/div>\n                                                                                                                                                                    <\/div>\n                                                            <div class=\"fadeIn faq-list__item\">\n                                                                                <div class=\"faq-list__title text text--2 text--bold\">Anna Durok \u2013 artyku\u0142y w Aesthetic Cosmetology and Medicine oraz Kosmetologia Estetyczna                                                <div class=\"faq-list__close\"><\/div>\n                                            <\/div>\n                                                                                                                                                                                                                                    <div class=\"faq-list__desc text text--2\"><p>Studentka IV semestru kosmetologii II stopnia \u2013 wsp\u00f3\u0142autork\u0105 artyku\u0142\u00f3w: <em><strong>\u201eSubstancje czynne pochodzenia naturalnego o dzia\u0142aniu fotoprotekcyjnym\u201d<\/strong><\/em> oraz <strong><em><em>\u201eSubstancje czynne pochodzenia naturalnego o dzia\u0142aniu fotoprotekcyjnym\u201d<\/em><\/em><\/strong>, kt\u00f3ry ukaza\u0142 si\u0119 w czasopi\u015bmie\u00a0<strong>Aesthetic Cosmetology and Medicine. 2023;12(2):65-72<\/strong>\u00a0oraz\u00a0<strong>Kosmetologia Estetyczna. 2023;12(2):11-18.<\/strong><\/p>\n<p>&nbsp;<\/p>\n<p>Artyku\u0142 jest dost\u0119pny pod linkiem<\/p>\n<p><a role=\"link\" href=\"https:\/\/www.kosmetologiaestetyczna.com\/2023\/substancje-czynne-pochodzenia-naturalnego-o-dzialaniu-fotoprotekcyjnym\/\">https:\/\/www.kosmetologiaestetyczna.com\/2023\/substancje-czynne-pochodzenia-naturalnego-o-dzialaniu-fotoprotekcyjnym\/<\/a><\/p>\n<\/div>\n                                                                                                                                                                    <\/div>\n                                                            <div class=\"fadeIn faq-list__item\">\n                                                                                <div class=\"faq-list__title text text--2 text--bold\">Joanna Wi\u015bniewska \u2013 artyku\u0142y w Aesthetic Cosmetology and Medicine oraz Kosmetologia Estetyczna                                                <div class=\"faq-list__close\"><\/div>\n                                            <\/div>\n                                                                                                                                                                                                                                    <div class=\"faq-list__desc text text--2\"><p>Studentka IV semestru kosmetologii II stopnia \u2013 wsp\u00f3\u0142autork\u0105 artyku\u0142\u00f3w: <em><strong>\u201eKwas salicylowy i jego wykorzystanie w kosmetologii\u201d<\/strong><\/em> oraz <em><strong>\u201eKwas salicylowy i jego wykorzystanie w kosmetologii\u201d<\/strong><\/em>, kt\u00f3ry ukaza\u0142 si\u0119 w czasopi\u015bmie\u00a0\u00a0<strong>Aesthetic Cosmetology and Medicine. 2023;12(3):91-95<\/strong>\u00a0oraz\u00a0<strong>Kosmetologia Estetyczna. 2023;12(3):51-55<\/strong>.<\/p>\n<p>&nbsp;<\/p>\n<p>Artyku\u0142 jest dost\u0119pny pod linkiem\u00a0<a role=\"link\" href=\"https:\/\/www.kosmetologiaestetyczna.com\/2023\/kwas-salicylowyi-jego-wykorzystanie-w-kosmetologii\/\">https:\/\/www.kosmetologiaestetyczna.com\/2023\/kwas-salicylowyi-jego-wykorzystanie-w-kosmetologii\/<\/a><\/p>\n<\/div>\n                                                                                                                                                                    <\/div>\n                                                            <div class=\"fadeIn faq-list__item\">\n                                                                                <div class=\"faq-list__title text text--2 text--bold\">Julia Bartosiewicz \u2013 artyku\u0142y w Aesthetic Cosmetology and Medicine                                                <div class=\"faq-list__close\"><\/div>\n                                            <\/div>\n                                                                                                                                                                                                                                    <div class=\"faq-list__desc text text--2\"><p>Studentka I semestru kosmetologii II stopnia \u2013 wsp\u00f3\u0142autork\u0105 artyku\u0142\u00f3w: <strong><em>\u201eZastosowanie radiofrekwencji i masa\u017cu podci\u015bnieniowo-mechanicznego w redukcji cellulitu. Opis przypadku<\/em>\u201d <\/strong>oraz <strong><em>\u201eZastosowanie radiofrekwencji i masa\u017cu podci\u015bnieniowo-mechanicznego w redukcji cellulitu. Opis przypadku\u201d<\/em>,\u00a0<\/strong>kt\u00f3ry ukaza\u0142 si\u0119 w czasopi\u015bmie<strong>\u00a0Aesthetic Cosmetology and Medicine. 2023;12(1):35-41<\/strong><\/p>\n<p>&nbsp;<\/p>\n<p>Zach\u0119camy do zapoznania si\u0119 z artyku\u0142em (<a role=\"link\" href=\"https:\/\/swsm.pl\/wp-content\/uploads\/2023\/12\/ACM-2023-01-vB-Faruga-Lewicka-1.pdf\">pobierz pdf<\/a>).<\/p>\n<\/div>\n                                                                                                                                                                    <\/div>\n                                                            <div class=\"fadeIn faq-list__item\">\n                                                                                <div class=\"faq-list__title text text--2 text--bold\">Natalia \u015amieta\u0144ska \u2013 artyku\u0142y w Aesthetic Cosmetology and Medicine oraz Kosmetologia Estetyczna                                                <div class=\"faq-list__close\"><\/div>\n                                            <\/div>\n                                                                                                                                                                                                                                    <div class=\"faq-list__desc text text--2\"><p>Studentka I semestru kosmetologii II stopnia \u2013 wsp\u00f3\u0142autork\u0105 artyku\u0142\u00f3w:<strong><em> \u201eCzynniki wp\u0142ywaj\u0105ce na przebieg tr\u0105dziku r\u00f3\u017cowatego\u201d <\/em><\/strong>oraz<strong><em>\u201eCzynniki wp\u0142ywaj\u0105ce na przebieg tr\u0105dziku r\u00f3\u017cowatego\u201d<\/em><\/strong>,kt\u00f3ry ukaza\u0142 si\u0119 w czasopi\u015bmie<strong> Aesthetic Cosmetology and Medicine 022;11(5):161-166 <\/strong>oraz<strong>\u00a0Kosmetologia Estetyczna. 2022;11(5):35-40.<\/strong><\/p>\n<p>&nbsp;<\/p>\n<p>Artyku\u0142 jest dost\u0119pny pod linkiem\u00a0<a role=\"link\" href=\"https:\/\/www.kosmetologiaestetyczna.com\/2022\/czynniki-wplywajace-na-przebieg-tradziku-rozowatego\/\">https:\/\/www.kosmetologiaestetyczna.com\/2022\/czynniki-wplywajace-na-przebieg-tradziku-rozowatego\/<\/a><\/p>\n<\/div>\n                                                                                                                                                                    <\/div>\n                                                            <div class=\"fadeIn faq-list__item\">\n                                                                                <div class=\"faq-list__title text text--2 text--bold\">Dominika Kunicka \u2013 reprezentantka KU AZS SWSM w Akademickich Mistrzostwach Polski w Je\u017adziectwie w Radzionkowie                                                <div class=\"faq-list__close\"><\/div>\n                                            <\/div>\n                                                                                                                                                                                                                                    <div class=\"faq-list__desc text text--2\"><p>&nbsp;<\/p>\n<p>W dniach 2-4.06.2023 w Radzionkowie odby\u0142a si\u0119 kolejna edycja <strong>Akademickich Mistrzostw Polski w Je\u017adziectwie<\/strong>. KU AZS SWSM reprezentowa\u0142a nasza studentka kosmetologii II stopnia Dominika Kunicka \u2013 skoki w kategorii amator.<\/p>\n<p>&nbsp;<\/p>\n<p>W zawodach wzi\u0119\u0142o udzia\u0142 143 student\u00f3w z 44 uczelni, kt\u00f3rzy walczyli o medale AMP w dw\u00f3ch kategoriach \u2013 profi (dla profesjonalist\u00f3w) i amator (dla pozosta\u0142ych uczestnik\u00f3w).<\/p>\n<p>&nbsp;<\/p>\n<p><img loading=\"lazy\" decoding=\"async\" class=\"alignnone size-medium wp-image-7662\" src=\"https:\/\/dev.swsm.pl\/wp-content\/uploads\/2023\/12\/zdj2-225x300.jpg\" alt=\"\" width=\"225\" height=\"300\" srcset=\"https:\/\/swsm.pl\/wp-content\/uploads\/2023\/12\/zdj2-225x300.jpg 225w, https:\/\/swsm.pl\/wp-content\/uploads\/2023\/12\/zdj2-768x1024.jpg 768w, https:\/\/swsm.pl\/wp-content\/uploads\/2023\/12\/zdj2.jpg 800w\" sizes=\"auto, (max-width: 225px) 100vw, 225px\" \/>\u00a0 <img loading=\"lazy\" decoding=\"async\" class=\"alignnone size-medium wp-image-7658\" src=\"https:\/\/dev.swsm.pl\/wp-content\/uploads\/2023\/12\/zdj1-225x300.jpg\" alt=\"\" width=\"225\" height=\"300\" srcset=\"https:\/\/swsm.pl\/wp-content\/uploads\/2023\/12\/zdj1-225x300.jpg 225w, https:\/\/swsm.pl\/wp-content\/uploads\/2023\/12\/zdj1-768x1024.jpg 768w, https:\/\/swsm.pl\/wp-content\/uploads\/2023\/12\/zdj1.jpg 800w\" sizes=\"auto, (max-width: 225px) 100vw, 225px\" \/>\u00a0 <img loading=\"lazy\" decoding=\"async\" class=\"alignnone size-medium wp-image-7678\" src=\"https:\/\/dev.swsm.pl\/wp-content\/uploads\/2023\/12\/zdj6-300x225.jpg\" alt=\"\" width=\"300\" height=\"225\" srcset=\"https:\/\/swsm.pl\/wp-content\/uploads\/2023\/12\/zdj6-300x225.jpg 300w, https:\/\/swsm.pl\/wp-content\/uploads\/2023\/12\/zdj6-1024x768.jpg 1024w, https:\/\/swsm.pl\/wp-content\/uploads\/2023\/12\/zdj6-768x576.jpg 768w, https:\/\/swsm.pl\/wp-content\/uploads\/2023\/12\/zdj6.jpg 1200w\" sizes=\"auto, (max-width: 300px) 100vw, 300px\" \/>\u00a0 <img loading=\"lazy\" decoding=\"async\" class=\"alignnone size-medium wp-image-7674\" src=\"https:\/\/dev.swsm.pl\/wp-content\/uploads\/2023\/12\/zdj5-300x225.jpg\" alt=\"\" width=\"300\" height=\"225\" srcset=\"https:\/\/swsm.pl\/wp-content\/uploads\/2023\/12\/zdj5-300x225.jpg 300w, https:\/\/swsm.pl\/wp-content\/uploads\/2023\/12\/zdj5-1024x768.jpg 1024w, https:\/\/swsm.pl\/wp-content\/uploads\/2023\/12\/zdj5-768x576.jpg 768w, https:\/\/swsm.pl\/wp-content\/uploads\/2023\/12\/zdj5.jpg 1200w\" sizes=\"auto, (max-width: 300px) 100vw, 300px\" \/><\/p>\n<\/div>\n                                                                                                                                                                    <\/div>\n                                                            <div class=\"fadeIn faq-list__item\">\n                                                                                <div class=\"faq-list__title text text--2 text--bold\">Natalia \u015amieta\u0144ska i Anna Cha\u0142ubek \u2013 I miejsce w LNE Beauty Test podczas 44 Kongresu LNE                                                <div class=\"faq-list__close\"><\/div>\n                                            <\/div>\n                                                                                                                                                                                                                                    <div class=\"faq-list__desc text text--2\"><p>Studentki kosmetologii II stopnia Pani Natalia \u015amieta\u0144ska i Pani Anna Cha\u0142ubek zdoby\u0142y <strong>I miejsce<\/strong> w <strong>LNE Beauty Test<\/strong>, konkursie przeprowadzonym 23 kwietnia 2023 podczas <strong>44 Kongresu LNE<\/strong>.<\/p>\n<p>&nbsp;<\/p>\n<p><img loading=\"lazy\" decoding=\"async\" class=\"alignnone size-medium wp-image-7687\" src=\"https:\/\/dev.swsm.pl\/wp-content\/uploads\/2023\/12\/LNE_Beauty-214x300.jpg\" alt=\"\" width=\"214\" height=\"300\" srcset=\"https:\/\/swsm.pl\/wp-content\/uploads\/2023\/12\/LNE_Beauty-214x300.jpg 214w, https:\/\/swsm.pl\/wp-content\/uploads\/2023\/12\/LNE_Beauty-732x1024.jpg 732w, https:\/\/swsm.pl\/wp-content\/uploads\/2023\/12\/LNE_Beauty-768x1074.jpg 768w, https:\/\/swsm.pl\/wp-content\/uploads\/2023\/12\/LNE_Beauty.jpg 800w\" sizes=\"auto, (max-width: 214px) 100vw, 214px\" \/><\/p>\n<\/div>\n                                                                                                                                                                    <\/div>\n                                                            <div class=\"fadeIn faq-list__item\">\n                                                                                <div class=\"faq-list__title text text--2 text--bold\">Magdalena Piksa \u2013 medalistka XIX Akademickich Halowych Mistrzostw Polski                                                <div class=\"faq-list__close\"><\/div>\n                                            <\/div>\n                                                                                                                                                                                                                                    <div class=\"faq-list__desc text text--2\"><p>&nbsp;<\/p>\n<p>Magdalena Piksa \u2013 studentka VI semestru kosmetologii I stopnia dniach 31.03-02.04 w Lesznie wywalczy\u0142a br\u0105zowy medal na <strong>XIX Akademickich Halowych Mistrzostw Polski \u2013 VII Memoria\u0142 Wojciecha Smudzi\u0144skiego<\/strong>.<\/p>\n<p>&nbsp;<\/p>\n<p>Magdalena wywalczy\u0142a br\u0105z w grupie B 125\/130 cm dwu-nawrotowy z 2 nawrotem na czas Art.273.4.3.<\/p>\n<p>&nbsp;<\/p>\n<p><img loading=\"lazy\" decoding=\"async\" class=\"alignnone size-medium wp-image-7704\" src=\"https:\/\/dev.swsm.pl\/wp-content\/uploads\/2023\/12\/zdj3-1-300x200.jpg\" alt=\"\" width=\"300\" height=\"200\" srcset=\"https:\/\/swsm.pl\/wp-content\/uploads\/2023\/12\/zdj3-1-300x200.jpg 300w, https:\/\/swsm.pl\/wp-content\/uploads\/2023\/12\/zdj3-1-1024x683.jpg 1024w, https:\/\/swsm.pl\/wp-content\/uploads\/2023\/12\/zdj3-1-768x512.jpg 768w, https:\/\/swsm.pl\/wp-content\/uploads\/2023\/12\/zdj3-1.jpg 1200w\" sizes=\"auto, (max-width: 300px) 100vw, 300px\" \/>\u00a0 <img loading=\"lazy\" decoding=\"async\" class=\"alignnone size-medium wp-image-7700\" src=\"https:\/\/dev.swsm.pl\/wp-content\/uploads\/2023\/12\/zdj2-1-300x200.jpg\" alt=\"\" width=\"300\" height=\"200\" srcset=\"https:\/\/swsm.pl\/wp-content\/uploads\/2023\/12\/zdj2-1-300x200.jpg 300w, https:\/\/swsm.pl\/wp-content\/uploads\/2023\/12\/zdj2-1-1024x683.jpg 1024w, https:\/\/swsm.pl\/wp-content\/uploads\/2023\/12\/zdj2-1-768x512.jpg 768w, https:\/\/swsm.pl\/wp-content\/uploads\/2023\/12\/zdj2-1.jpg 1200w\" sizes=\"auto, (max-width: 300px) 100vw, 300px\" \/> \u00a0 <img loading=\"lazy\" decoding=\"async\" class=\"alignnone size-medium wp-image-7696\" src=\"https:\/\/dev.swsm.pl\/wp-content\/uploads\/2023\/12\/zdj1-1-300x200.jpg\" alt=\"\" width=\"300\" height=\"200\" srcset=\"https:\/\/swsm.pl\/wp-content\/uploads\/2023\/12\/zdj1-1-300x200.jpg 300w, https:\/\/swsm.pl\/wp-content\/uploads\/2023\/12\/zdj1-1-1024x683.jpg 1024w, https:\/\/swsm.pl\/wp-content\/uploads\/2023\/12\/zdj1-1-768x512.jpg 768w, https:\/\/swsm.pl\/wp-content\/uploads\/2023\/12\/zdj1-1.jpg 1200w\" sizes=\"auto, (max-width: 300px) 100vw, 300px\" \/><\/p>\n<\/div>\n                                                                                                                                                                    <\/div>\n                                                            <div class=\"fadeIn faq-list__item\">\n                                                                                <div class=\"faq-list__title text text--2 text--bold\">Julia Zaj\u0105c-Wi\u0119ckowska \u2013 reprezentantka KU AZS SWSM\u00a0na\u00a0Akademickich Mistrzostwach Polski w p\u0142ywaniu                                                <div class=\"faq-list__close\"><\/div>\n                                            <\/div>\n                                                                                                                                                                                                                                    <div class=\"faq-list__desc text text--2\"><p>&nbsp;<\/p>\n<p>Julia Zaj\u0105c-Wi\u0119ckowska w dniach 14-16.04.2023 reprezentowa\u0142a KU AZS SWSM w Lublinie na <strong>Akademickich Mistrzostwach Polski w p\u0142ywaniu<\/strong>. Startowa\u0142a na dystansie 50m stylem dowolnym oraz na dystansie 50m stylem motylkowym. W obu konkurencjach zaprezentowa\u0142a si\u0119 bardzo dobrze zajmuj\u0105c wysokie miejsca w klasyfikacji OPEN, jak i w typie uczelni.<\/p>\n<p>&nbsp;<\/p>\n<p><img loading=\"lazy\" decoding=\"async\" class=\"alignnone size-medium wp-image-7715\" src=\"https:\/\/dev.swsm.pl\/wp-content\/uploads\/2023\/12\/zdj2-2-225x300.jpg\" alt=\"\" width=\"225\" height=\"300\" srcset=\"https:\/\/swsm.pl\/wp-content\/uploads\/2023\/12\/zdj2-2-225x300.jpg 225w, https:\/\/swsm.pl\/wp-content\/uploads\/2023\/12\/zdj2-2-768x1024.jpg 768w, https:\/\/swsm.pl\/wp-content\/uploads\/2023\/12\/zdj2-2.jpg 800w\" sizes=\"auto, (max-width: 225px) 100vw, 225px\" \/>\u00a0 <img loading=\"lazy\" decoding=\"async\" class=\"alignnone size-medium wp-image-7711\" src=\"https:\/\/dev.swsm.pl\/wp-content\/uploads\/2023\/12\/zdj1-2-225x300.jpg\" alt=\"\" width=\"225\" height=\"300\" srcset=\"https:\/\/swsm.pl\/wp-content\/uploads\/2023\/12\/zdj1-2-225x300.jpg 225w, https:\/\/swsm.pl\/wp-content\/uploads\/2023\/12\/zdj1-2-768x1024.jpg 768w, https:\/\/swsm.pl\/wp-content\/uploads\/2023\/12\/zdj1-2.jpg 800w\" sizes=\"auto, (max-width: 225px) 100vw, 225px\" \/><\/p>\n<\/div>\n                                                                                                                                                                    <\/div>\n                                                                        <\/div>\n                <\/div>\n            <\/div>\n    <\/section>","protected":false},"excerpt":{"rendered":"","protected":false},"author":9,"featured_media":0,"parent":11563,"menu_order":2,"comment_status":"closed","ping_status":"closed","template":"","meta":{"_acf_changed":false,"footnotes":""},"class_list":["post-8938","page","type-page","status-publish","hentry"],"acf":{"alert_on":false,"alert_filter_tag_select":false,"alert_filter_by_tag":[],"modalComunicatHeader_blog":"","modalComunicatHeader_link":[""]},"yoast_head":"<!-- This site is optimized with the Yoast SEO plugin v27.5 - https:\/\/yoast.com\/product\/yoast-seo-wordpress\/ -->\n<title>Students&#039; achievements - SWSM<\/title>\n<meta name=\"robots\" content=\"index, follow, max-snippet:-1, max-image-preview:large, max-video-preview:-1\" \/>\n<link rel=\"canonical\" href=\"https:\/\/swsm.pl\/en\/student-zone\/student-zone\/students-achievements\/\" \/>\n<meta property=\"og:locale\" content=\"en_US\" \/>\n<meta property=\"og:type\" content=\"article\" \/>\n<meta property=\"og:title\" content=\"Students&#039; achievements - SWSM\" \/>\n<meta property=\"og:url\" content=\"https:\/\/swsm.pl\/en\/student-zone\/student-zone\/students-achievements\/\" \/>\n<meta property=\"og:site_name\" content=\"SWSM\" \/>\n<meta property=\"article:modified_time\" content=\"2025-02-24T10:50:53+00:00\" \/>\n<meta name=\"twitter:card\" content=\"summary_large_image\" \/>\n<script type=\"application\/ld+json\" class=\"yoast-schema-graph\">{\"@context\":\"https:\\\/\\\/schema.org\",\"@graph\":[{\"@type\":\"WebPage\",\"@id\":\"https:\\\/\\\/swsm.pl\\\/en\\\/student-zone\\\/student-zone\\\/students-achievements\\\/\",\"url\":\"https:\\\/\\\/swsm.pl\\\/en\\\/student-zone\\\/student-zone\\\/students-achievements\\\/\",\"name\":\"Students' achievements - SWSM\",\"isPartOf\":{\"@id\":\"https:\\\/\\\/swsm.pl\\\/#website\"},\"datePublished\":\"2023-11-29T17:43:28+00:00\",\"dateModified\":\"2025-02-24T10:50:53+00:00\",\"breadcrumb\":{\"@id\":\"https:\\\/\\\/swsm.pl\\\/en\\\/student-zone\\\/student-zone\\\/students-achievements\\\/#breadcrumb\"},\"inLanguage\":\"en-US\",\"potentialAction\":[{\"@type\":\"ReadAction\",\"target\":[\"https:\\\/\\\/swsm.pl\\\/en\\\/student-zone\\\/student-zone\\\/students-achievements\\\/\"]}]},{\"@type\":\"BreadcrumbList\",\"@id\":\"https:\\\/\\\/swsm.pl\\\/en\\\/student-zone\\\/student-zone\\\/students-achievements\\\/#breadcrumb\",\"itemListElement\":[{\"@type\":\"ListItem\",\"position\":1,\"name\":\"Strona g\u0142\u00f3wna\",\"item\":\"https:\\\/\\\/swsm.pl\\\/en\\\/\"},{\"@type\":\"ListItem\",\"position\":2,\"name\":\"Student zone\",\"item\":\"https:\\\/\\\/swsm.pl\\\/dla-studenta\\\/\"},{\"@type\":\"ListItem\",\"position\":3,\"name\":\"Student Zone\",\"item\":\"https:\\\/\\\/swsm.pl\\\/dla-studenta\\\/sprawy-studenckie\\\/\"},{\"@type\":\"ListItem\",\"position\":4,\"name\":\"Students&#8217; achievements\"}]},{\"@type\":\"WebSite\",\"@id\":\"https:\\\/\\\/swsm.pl\\\/#website\",\"url\":\"https:\\\/\\\/swsm.pl\\\/\",\"name\":\"SWSM\",\"description\":\"\u015al\u0105ska Wy\u017csza Szko\u0142a Medyczna w Katowicach\",\"potentialAction\":[{\"@type\":\"SearchAction\",\"target\":{\"@type\":\"EntryPoint\",\"urlTemplate\":\"https:\\\/\\\/swsm.pl\\\/?s={search_term_string}\"},\"query-input\":{\"@type\":\"PropertyValueSpecification\",\"valueRequired\":true,\"valueName\":\"search_term_string\"}}],\"inLanguage\":\"en-US\"}]}<\/script>\n<!-- \/ Yoast SEO plugin. -->","yoast_head_json":{"title":"Students' achievements - SWSM","robots":{"index":"index","follow":"follow","max-snippet":"max-snippet:-1","max-image-preview":"max-image-preview:large","max-video-preview":"max-video-preview:-1"},"canonical":"https:\/\/swsm.pl\/en\/student-zone\/student-zone\/students-achievements\/","og_locale":"en_US","og_type":"article","og_title":"Students' achievements - SWSM","og_url":"https:\/\/swsm.pl\/en\/student-zone\/student-zone\/students-achievements\/","og_site_name":"SWSM","article_modified_time":"2025-02-24T10:50:53+00:00","twitter_card":"summary_large_image","schema":{"@context":"https:\/\/schema.org","@graph":[{"@type":"WebPage","@id":"https:\/\/swsm.pl\/en\/student-zone\/student-zone\/students-achievements\/","url":"https:\/\/swsm.pl\/en\/student-zone\/student-zone\/students-achievements\/","name":"Students' achievements - SWSM","isPartOf":{"@id":"https:\/\/swsm.pl\/#website"},"datePublished":"2023-11-29T17:43:28+00:00","dateModified":"2025-02-24T10:50:53+00:00","breadcrumb":{"@id":"https:\/\/swsm.pl\/en\/student-zone\/student-zone\/students-achievements\/#breadcrumb"},"inLanguage":"en-US","potentialAction":[{"@type":"ReadAction","target":["https:\/\/swsm.pl\/en\/student-zone\/student-zone\/students-achievements\/"]}]},{"@type":"BreadcrumbList","@id":"https:\/\/swsm.pl\/en\/student-zone\/student-zone\/students-achievements\/#breadcrumb","itemListElement":[{"@type":"ListItem","position":1,"name":"Strona g\u0142\u00f3wna","item":"https:\/\/swsm.pl\/en\/"},{"@type":"ListItem","position":2,"name":"Student zone","item":"https:\/\/swsm.pl\/dla-studenta\/"},{"@type":"ListItem","position":3,"name":"Student Zone","item":"https:\/\/swsm.pl\/dla-studenta\/sprawy-studenckie\/"},{"@type":"ListItem","position":4,"name":"Students&#8217; achievements"}]},{"@type":"WebSite","@id":"https:\/\/swsm.pl\/#website","url":"https:\/\/swsm.pl\/","name":"SWSM","description":"\u015al\u0105ska Wy\u017csza Szko\u0142a Medyczna w Katowicach","potentialAction":[{"@type":"SearchAction","target":{"@type":"EntryPoint","urlTemplate":"https:\/\/swsm.pl\/?s={search_term_string}"},"query-input":{"@type":"PropertyValueSpecification","valueRequired":true,"valueName":"search_term_string"}}],"inLanguage":"en-US"}]}},"_links":{"self":[{"href":"https:\/\/swsm.pl\/en\/wp-json\/wp\/v2\/pages\/8938","targetHints":{"allow":["GET"]}}],"collection":[{"href":"https:\/\/swsm.pl\/en\/wp-json\/wp\/v2\/pages"}],"about":[{"href":"https:\/\/swsm.pl\/en\/wp-json\/wp\/v2\/types\/page"}],"author":[{"embeddable":true,"href":"https:\/\/swsm.pl\/en\/wp-json\/wp\/v2\/users\/9"}],"replies":[{"embeddable":true,"href":"https:\/\/swsm.pl\/en\/wp-json\/wp\/v2\/comments?post=8938"}],"version-history":[{"count":14,"href":"https:\/\/swsm.pl\/en\/wp-json\/wp\/v2\/pages\/8938\/revisions"}],"predecessor-version":[{"id":21658,"href":"https:\/\/swsm.pl\/en\/wp-json\/wp\/v2\/pages\/8938\/revisions\/21658"}],"up":[{"embeddable":true,"href":"https:\/\/swsm.pl\/en\/wp-json\/wp\/v2\/pages\/11563"}],"wp:attachment":[{"href":"https:\/\/swsm.pl\/en\/wp-json\/wp\/v2\/media?parent=8938"}],"curies":[{"name":"wp","href":"https:\/\/api.w.org\/{rel}","templated":true}]}}