{"id":28649,"date":"2026-01-09T12:03:04","date_gmt":"2026-01-09T12:03:04","guid":{"rendered":"https:\/\/swsm.pl\/?post_type=wydarzenia_cpt&#038;p=28649"},"modified":"2026-02-13T12:30:20","modified_gmt":"2026-02-13T12:30:20","slug":"integracyjny-bal-karnawalowy-swsm-wsti-2026","status":"publish","type":"wydarzenia_cpt","link":"https:\/\/swsm.pl\/en\/integracyjny-bal-karnawalowy-swsm-wsti-2026\/","title":{"rendered":"Integracyjny Bal Karnawa\u0142owy SWSM &amp; WSTi 2026!"},"content":{"rendered":"<section class=\"photo-block\">\n    <div class=\"container\">\n        <div class=\"row\">\n\n            \n                                                                                                <div class=\"col-12 col-md-6\">\n                                    <div class=\"photo-block__picture\">\n\n                                                                                    <img decoding=\"async\" src=\"https:\/\/swsm.pl\/wp-content\/uploads\/2026\/01\/plakat-korekta-scaled.png\" alt=\"\" \/>\n                                                                                \n                                    <\/div>\n                                <\/div>\n                        \t                                    <\/section>\n\n\n<section class=\"textWithIcons textWithIcons--0 \">\n    <div class=\"tbc\">   \n        <div class=\"container\">\n            <div class=\"row\">\n                                    <div class=\"col-12\">\n                        <h5 class=\"title title--5 color--navy-700 tbc__subTitle\">Drodzy Studenci, Wyk\u0142adowcy i Pracownicy,<\/h5><div class=\"text text--2 color--navy-500 tbc__desc\"><p>tradycyjnie ju\u017c, wsp\u00f3lnie z Samorz\u0105dami Studenckimi obu uczelni, serdecznie zapraszamy Was do udzia\u0142u w Integracyjnym Balu Karnawa\u0142owym SWSM &amp; WSTi, kt\u00f3ry odb\u0119dzie si\u0119 w pi\u0105tek, 13 lutego 2026 r., w Restauracji Marysin Dw\u00f3r w Katowicach (ul. J\u00f3zefa Pukowca 17a), o godz. 19:00.<\/p>\n<p>&nbsp;<\/p>\n<p>Data wydarzenia nie jest przypadkowa \u2014 13 lutego 2026 r. to ostatni pi\u0105tek karnawa\u0142u, a noc z 13 na 14 lutego symbolicznie \u0142\u0105czy Dzie\u0144 Singla z Dniem Zakochanych. To doskona\u0142a okazja, aby \u015bwi\u0119towa\u0107 dok\u0142adnie to, na co macie ochot\u0119 \u2014 i z kim tylko chcecie!<\/p>\n<p>&nbsp;<\/p>\n<p>Sp\u0119d\u017acie z nami t\u0119 wyj\u0105tkow\u0105 noc i po\u017cegnajmy karnawa\u0142 w atmosferze beztroski, rado\u015bci i doskona\u0142ej zabawy. Gwarantujemy niezapomniane chwile, integracj\u0119 i karnawa\u0142owy klimat, kt\u00f3ry na d\u0142ugo pozostanie w pami\u0119ci!<\/p>\n<p>&nbsp;<\/p>\n<\/div><div class=\"tbc__fullList tbc__fullList--big\">                    <div class=\"tbc__fullList__box\">\n                        <div class=\"tbc__fullList__box__ico\">\n                                                            <img decoding=\"async\" src=\"https:\/\/swsm.pl\/wp-content\/uploads\/2023\/11\/icon-arrow-right-blue.svg\" alt=\"\" \/>\n                                                    <\/div>\n                        <div class=\"tbc__fullList__box__content\">\n                                                            <div class=\"text text--2 text--bold color--navy-500\"><p><strong>W programie:<\/strong><\/p>\n<\/div>\n                                                                                        <div class=\"text text--3 color--navy-500\"><ul>\n<li>taneczna zabawa z DJ-em;<\/li>\n<li>punkt foto, kt\u00f3ra uwieczni Wasze najlepsze chwile;<\/li>\n<li>konkurs na najbardziej kreatywn\u0105 mask\u0119 karnawa\u0142ow\u0105;<\/li>\n<li>bitwa uczelni SWSM vs. WSTi;<\/li>\n<li>niespodzianki i atrakcje, kt\u00f3re zapewni\u0105 niezapomniane wra\u017cenia!<\/li>\n<\/ul>\n<\/div>\n                                                                                <\/div>\n                    <\/div>\n                                    <div class=\"tbc__fullList__box\">\n                        <div class=\"tbc__fullList__box__ico\">\n                                                            <img decoding=\"async\" src=\"https:\/\/swsm.pl\/wp-content\/uploads\/2023\/11\/icon-arrow-right-blue.svg\" alt=\"\" \/>\n                                                    <\/div>\n                        <div class=\"tbc__fullList__box__content\">\n                                                            <div class=\"text text--2 text--bold color--navy-500\"><p><strong>Cena zawiera:<\/strong><\/p>\n<\/div>\n                                                                                        <div class=\"text text--3 color--navy-500\"><ul>\n<li>ciep\u0142\u0105 kolacj\u0119 serwowan\u0105 w eleganckiej oprawie;<\/li>\n<li>bufet s\u0142odki i wytrawny;<\/li>\n<li>ciep\u0142e i zimne napoje bezalkoholowe;<\/li>\n<li>op\u0142at\u0119 korkow\u0105;<\/li>\n<li>op\u0142at\u0119 za opraw\u0119 muzyczn\u0105, fotobudk\u0119 oraz obs\u0142ug\u0119 fotograficzn\u0105.<\/li>\n<\/ul>\n<\/div>\n                                                                                <\/div>\n                    <\/div>\n                                    <div class=\"tbc__fullList__box\">\n                        <div class=\"tbc__fullList__box__ico\">\n                                                            <img decoding=\"async\" src=\"https:\/\/swsm.pl\/wp-content\/uploads\/2023\/11\/icon-arrow-right-blue.svg\" alt=\"\" \/>\n                                                    <\/div>\n                        <div class=\"tbc__fullList__box__content\">\n                                                            <div class=\"text text--2 text--bold color--navy-500\"><p><strong>Informacje dodatkowe:<\/strong><\/p>\n<\/div>\n                                                                                        <div class=\"text text--3 color--navy-500\"><ul>\n<li><strong>koszt udzia\u0142u w balu wynosi 275 z\u0142\/os.<\/strong><\/li>\n<li>ka\u017cdy uczestnik mo\u017ce zakupi\u0107 1 dodatkowy bilet dla osoby towarzysz\u0105cej.\n<p>dress code: szeroko rozumiana elegancja. Prosimy, aby ka\u017cdy z uczestnik\u00f3w posiada\u0142 mask\u0119 karnawa\u0142ow\u0105 \u2013 niech dodadz\u0105 magii tej wyj\u0105tkowej nocy!<\/li>\n<\/ul>\n<\/div>\n                                                                                <\/div>\n                    <\/div>\n                                    <div class=\"tbc__fullList__box\">\n                        <div class=\"tbc__fullList__box__ico\">\n                                                            <img decoding=\"async\" src=\"https:\/\/swsm.pl\/wp-content\/uploads\/2023\/11\/ikonaulubione-kolorgranatowe-SVG.svg\" alt=\"\" \/>\n                                                    <\/div>\n                        <div class=\"tbc__fullList__box__content\">\n                                                            <div class=\"text text--2 text--bold color--navy-500\"><p>Podczas balu odb\u0119dzie si\u0119 <strong>rozstrzygni\u0119cie konkursu na najbardziej kreatywn\u0105 mask\u0119<\/strong>, a zwyci\u0119zcy zostan\u0105 nagrodzeni atrakcyjnymi upominkami.<\/p>\n<p>&nbsp;<\/p>\n<p>Nie mo\u017ce Was zabrakn\u0105\u0107! Czekamy na Was z niecierpliwo\u015bci\u0105 i gwarantujemy niezapomnian\u0105 zabaw\u0119!<\/p>\n<p>&nbsp;<\/p>\n<p>&nbsp;<\/p>\n<p>&nbsp;<\/p>\n<\/div>\n                                                                                                            <\/div>\n                    <\/div>\n                                    <div class=\"tbc__fullList__box\">\n                        <div class=\"tbc__fullList__box__ico\">\n                                                            <img decoding=\"async\" src=\"https:\/\/swsm.pl\/wp-content\/uploads\/2023\/12\/icon-info-blue.svg\" alt=\"\" \/>\n                                                    <\/div>\n                        <div class=\"tbc__fullList__box__content\">\n                                                            <div class=\"text text--2 text--bold color--navy-500\"><p><strong>Zapisy student\u00f3w:<\/strong><\/p>\n<\/div>\n                                                                                        <div class=\"text text--3 color--navy-500\"><p><a href=\"https:\/\/forms.gle\/gX7CzFNYueN2gc3m9\">https:\/\/forms.gle\/gX7CzFNYueN2gc3m9<\/a><\/p>\n<\/div>\n                                                                                <\/div>\n                    <\/div>\n                                    <div class=\"tbc__fullList__box\">\n                        <div class=\"tbc__fullList__box__ico\">\n                                                    <\/div>\n                        <div class=\"tbc__fullList__box__content\">\n                                                            <div class=\"text text--2 text--bold color--navy-500\"><p><strong>Wyk\u0142adowc\u00f3w prosimy o zapis przez e-mail:<\/strong><\/p>\n<\/div>\n                                                                                        <div class=\"text text--3 color--navy-500\"><p><a href=\"mailto:marketing@wsti.pl\">marketing@wsti.pl<\/a> lub <a href=\"mailto:marketing@swsm.pl\">marketing@swsm.pl<\/a><\/p>\n<\/div>\n                                                                                <\/div>\n                    <\/div>\n                <\/div>                    <\/div>\n                                                                                                                                                                                                                \n            <\/div>\n        <\/div>\n    <\/div>\n\n<\/section>\n\n\n<section class=\"textWithIcons textWithIcons--0 \">\n    <div class=\"tbc\">   \n        <div class=\"container\">\n            <div class=\"row\">\n                                    <div class=\"col-12\">\n                        <h5 class=\"title title--5 color--navy-700 tbc__subTitle\"><img decoding=\"async\" class=\"tbc__h5icon\" src=\"https:\/\/swsm.pl\/wp-content\/uploads\/2023\/11\/ikonatick-kolorz-zielonym-SVG.svg\" alt=\"\" \/>Wp\u0142at nale\u017cy dokonywa\u0107 na nr konta: <\/h5><div class=\"text text--2 color--navy-500 tbc__desc\"><p><strong>SWSM:<\/strong><\/p>\n<p>Nr konta SWSM: 12191010482509009889460006<\/p>\n<p>&nbsp;<\/p>\n<p><strong>WSTI:<\/strong><\/p>\n<p>Nr konta: 37 1750 1035 0000 0000 0467 8826<\/p>\n<p>&nbsp;<\/p>\n<p><strong>Tytu\u0142 przelewu:<\/strong><\/p>\n<p>Tytu\u0142 przelewu: Bal \u2013 imi\u0119 nazwisko \u2013 nr albumu + dane osoby towarzysz\u0105cej (je\u015bli w jednym przelewie b\u0119d\u0105 wp\u0142aty za dwie osoby)<\/p>\n<p>&nbsp;<\/p>\n<p>Do zobaczenia!<\/p>\n<p>&nbsp;<\/p>\n<p>Organizatorzy<br \/>\nSWSM &amp; WSTi<\/p>\n<\/div>                    <\/div>\n                                                                                                                                                                                                                \n            <\/div>\n        <\/div>\n    <\/div>\n\n<\/section>\n\n<section class=\"textBlock textBlock--0 \">\n    <div class=\"tbc\">\n        <div class=\"container\">\n            <div class=\"row\">\n                                    <div class=\"col-12\">\n                                                                                                    <div class=\"text text--2 color--navy-500 tbc__desc\"><p>Ewentualna rezygnacja z balu mo\u017cliwa b\u0119dzie do 10 dni przed wydarzeniem.<\/p>\n<\/div>                                                                    <\/div>\n                                                                                                            <\/div>\n        <\/div>\n    <\/div>\n<\/section>\n","protected":false},"excerpt":{"rendered":"","protected":false},"author":17,"featured_media":0,"parent":0,"menu_order":0,"template":"","meta":{"_acf_changed":true},"wydarzenia_cpt_tags":[],"class_list":["post-28649","wydarzenia_cpt","type-wydarzenia_cpt","status-publish","hentry"],"acf":{"alert_on":false,"alert_filter_tag_select":false,"alert_filter_by_tag":[],"modalComunicatHeader_blog":"","modalComunicatHeader_link":null,"date_event_post":"20260213","awarded_post":false},"yoast_head":"<!-- This site is optimized with the Yoast SEO plugin v27.5 - https:\/\/yoast.com\/product\/yoast-seo-wordpress\/ -->\n<title>Integracyjny Bal Karnawa\u0142owy SWSM &amp; WSTi 2026! - SWSM<\/title>\n<meta name=\"robots\" content=\"index, follow, max-snippet:-1, max-image-preview:large, max-video-preview:-1\" \/>\n<link rel=\"canonical\" href=\"https:\/\/swsm.pl\/integracyjny-bal-karnawalowy-swsm-wsti-2026\/\" \/>\n<meta property=\"og:locale\" content=\"en_US\" \/>\n<meta property=\"og:type\" content=\"article\" \/>\n<meta property=\"og:title\" content=\"Integracyjny Bal Karnawa\u0142owy SWSM &amp; WSTi 2026! - SWSM\" \/>\n<meta property=\"og:url\" content=\"https:\/\/swsm.pl\/integracyjny-bal-karnawalowy-swsm-wsti-2026\/\" \/>\n<meta property=\"og:site_name\" content=\"SWSM\" \/>\n<meta property=\"article:modified_time\" content=\"2026-02-13T12:30:20+00:00\" \/>\n<meta name=\"twitter:card\" content=\"summary_large_image\" \/>\n<script type=\"application\/ld+json\" class=\"yoast-schema-graph\">{\"@context\":\"https:\\\/\\\/schema.org\",\"@graph\":[{\"@type\":\"WebPage\",\"@id\":\"https:\\\/\\\/swsm.pl\\\/integracyjny-bal-karnawalowy-swsm-wsti-2026\\\/\",\"url\":\"https:\\\/\\\/swsm.pl\\\/integracyjny-bal-karnawalowy-swsm-wsti-2026\\\/\",\"name\":\"Integracyjny Bal Karnawa\u0142owy SWSM &amp; WSTi 2026! - SWSM\",\"isPartOf\":{\"@id\":\"https:\\\/\\\/swsm.pl\\\/#website\"},\"datePublished\":\"2026-01-09T12:03:04+00:00\",\"dateModified\":\"2026-02-13T12:30:20+00:00\",\"breadcrumb\":{\"@id\":\"https:\\\/\\\/swsm.pl\\\/integracyjny-bal-karnawalowy-swsm-wsti-2026\\\/#breadcrumb\"},\"inLanguage\":\"en-US\",\"potentialAction\":[{\"@type\":\"ReadAction\",\"target\":[\"https:\\\/\\\/swsm.pl\\\/integracyjny-bal-karnawalowy-swsm-wsti-2026\\\/\"]}]},{\"@type\":\"BreadcrumbList\",\"@id\":\"https:\\\/\\\/swsm.pl\\\/integracyjny-bal-karnawalowy-swsm-wsti-2026\\\/#breadcrumb\",\"itemListElement\":[{\"@type\":\"ListItem\",\"position\":1,\"name\":\"Strona g\u0142\u00f3wna\",\"item\":\"https:\\\/\\\/swsm.pl\\\/en\\\/\"},{\"@type\":\"ListItem\",\"position\":2,\"name\":\"Integracyjny Bal Karnawa\u0142owy SWSM &amp; WSTi 2026!\"}]},{\"@type\":\"WebSite\",\"@id\":\"https:\\\/\\\/swsm.pl\\\/#website\",\"url\":\"https:\\\/\\\/swsm.pl\\\/\",\"name\":\"SWSM\",\"description\":\"\u015al\u0105ska Wy\u017csza Szko\u0142a Medyczna w Katowicach\",\"potentialAction\":[{\"@type\":\"SearchAction\",\"target\":{\"@type\":\"EntryPoint\",\"urlTemplate\":\"https:\\\/\\\/swsm.pl\\\/?s={search_term_string}\"},\"query-input\":{\"@type\":\"PropertyValueSpecification\",\"valueRequired\":true,\"valueName\":\"search_term_string\"}}],\"inLanguage\":\"en-US\"}]}<\/script>\n<!-- \/ Yoast SEO plugin. -->","yoast_head_json":{"title":"Integracyjny Bal Karnawa\u0142owy SWSM &amp; WSTi 2026! - SWSM","robots":{"index":"index","follow":"follow","max-snippet":"max-snippet:-1","max-image-preview":"max-image-preview:large","max-video-preview":"max-video-preview:-1"},"canonical":"https:\/\/swsm.pl\/integracyjny-bal-karnawalowy-swsm-wsti-2026\/","og_locale":"en_US","og_type":"article","og_title":"Integracyjny Bal Karnawa\u0142owy SWSM &amp; WSTi 2026! - SWSM","og_url":"https:\/\/swsm.pl\/integracyjny-bal-karnawalowy-swsm-wsti-2026\/","og_site_name":"SWSM","article_modified_time":"2026-02-13T12:30:20+00:00","twitter_card":"summary_large_image","schema":{"@context":"https:\/\/schema.org","@graph":[{"@type":"WebPage","@id":"https:\/\/swsm.pl\/integracyjny-bal-karnawalowy-swsm-wsti-2026\/","url":"https:\/\/swsm.pl\/integracyjny-bal-karnawalowy-swsm-wsti-2026\/","name":"Integracyjny Bal Karnawa\u0142owy SWSM &amp; WSTi 2026! - SWSM","isPartOf":{"@id":"https:\/\/swsm.pl\/#website"},"datePublished":"2026-01-09T12:03:04+00:00","dateModified":"2026-02-13T12:30:20+00:00","breadcrumb":{"@id":"https:\/\/swsm.pl\/integracyjny-bal-karnawalowy-swsm-wsti-2026\/#breadcrumb"},"inLanguage":"en-US","potentialAction":[{"@type":"ReadAction","target":["https:\/\/swsm.pl\/integracyjny-bal-karnawalowy-swsm-wsti-2026\/"]}]},{"@type":"BreadcrumbList","@id":"https:\/\/swsm.pl\/integracyjny-bal-karnawalowy-swsm-wsti-2026\/#breadcrumb","itemListElement":[{"@type":"ListItem","position":1,"name":"Strona g\u0142\u00f3wna","item":"https:\/\/swsm.pl\/en\/"},{"@type":"ListItem","position":2,"name":"Integracyjny Bal Karnawa\u0142owy SWSM &amp; WSTi 2026!"}]},{"@type":"WebSite","@id":"https:\/\/swsm.pl\/#website","url":"https:\/\/swsm.pl\/","name":"SWSM","description":"\u015al\u0105ska Wy\u017csza Szko\u0142a Medyczna w Katowicach","potentialAction":[{"@type":"SearchAction","target":{"@type":"EntryPoint","urlTemplate":"https:\/\/swsm.pl\/?s={search_term_string}"},"query-input":{"@type":"PropertyValueSpecification","valueRequired":true,"valueName":"search_term_string"}}],"inLanguage":"en-US"}]}},"_links":{"self":[{"href":"https:\/\/swsm.pl\/en\/wp-json\/wp\/v2\/wydarzenia_cpt\/28649","targetHints":{"allow":["GET"]}}],"collection":[{"href":"https:\/\/swsm.pl\/en\/wp-json\/wp\/v2\/wydarzenia_cpt"}],"about":[{"href":"https:\/\/swsm.pl\/en\/wp-json\/wp\/v2\/types\/wydarzenia_cpt"}],"author":[{"embeddable":true,"href":"https:\/\/swsm.pl\/en\/wp-json\/wp\/v2\/users\/17"}],"wp:attachment":[{"href":"https:\/\/swsm.pl\/en\/wp-json\/wp\/v2\/media?parent=28649"}],"wp:term":[{"taxonomy":"wydarzenia_cpt_tags","embeddable":true,"href":"https:\/\/swsm.pl\/en\/wp-json\/wp\/v2\/wydarzenia_cpt_tags?post=28649"}],"curies":[{"name":"wp","href":"https:\/\/api.w.org\/{rel}","templated":true}]}}